{"id":681,"date":"2026-08-31T09:06:38","date_gmt":"2026-08-31T07:06:38","guid":{"rendered":"https:\/\/www.imed.pl\/sklep\/?post_type=product&#038;p=681"},"modified":"2026-08-29T19:52:23","modified_gmt":"2026-08-29T17:52:23","slug":"densanox","status":"publish","type":"product","link":"https:\/\/www.imed.pl\/sklep\/produkt\/densanox\/","title":{"rendered":"Densanox"},"content":{"rendered":"<p><\/p>\n<div class=\"imd\">\n<span class=\"imd-meta\" data-category=\"Uroda\" data-currency=\"PLN\" data-desc=\"Densanox serum z witamin\u0105 A, Scutellaria baicalensis i biotyn\u0105 ogranicza wypadanie w\u0142os\u00f3w oraz poprawia g\u0119sto\u015b\u0107 fryzury u kobiet i m\u0119\u017cczyzn.\" data-name=\"Densanox\" data-price=\"137\" hidden=\"\"><\/span>\n<div aria-hidden=\"true\" class=\"mq\">\n<div class=\"mqt\">\n<div class=\"mqg\"><span>\ud83d\ude9a Bezp\u0142atna dostawa<\/span><i>\u2726<\/i><span>\ud83c\udf3f Naturalna formu\u0142a<\/span><i>\u2726<\/i><span>\ud83d\udce6 Dyskretna przesy\u0142ka<\/span><i>\u2726<\/i><span>\u26a1 \u221250% dzi\u015b<\/span><i>\u2726<\/i><\/div>\n<div class=\"mqg\"><span>\ud83d\ude9a Bezp\u0142atna dostawa<\/span><i>\u2726<\/i><span>\ud83c\udf3f Naturalna formu\u0142a<\/span><i>\u2726<\/i><span>\ud83d\udce6 Dyskretna przesy\u0142ka<\/span><i>\u2726<\/i><span>\u26a1 \u221250% dzi\u015b<\/span><i>\u2726<\/i><\/div>\n<\/div>\n<\/div>\n<header class=\"hd\">\n<div class=\"wrap\">\n<a class=\"logo\" href=\"#\">DENSANOX<b><\/b><\/a>\n<nav class=\"nav\"><a data-go=\"dzialanie\">Jak dzia\u0142a<\/a><a data-go=\"sklad\">Sk\u0142ad<\/a><a data-go=\"stosowanie\">Stosowanie<\/a><a data-go=\"opinie\">Opinie<\/a><a data-go=\"cena\">Cena<\/a><a data-go=\"faq\">FAQ<\/a><\/nav>\n<div class=\"r\"><button class=\"cta\" data-go=\"cena-cd\">Zam\u00f3w \u221250%<\/button><\/div>\n<\/div>\n<\/header>\n<section class=\"hero\">\n<span class=\"blob b1\"><\/span><span class=\"blob b2\"><\/span>\n<div class=\"wrap\">\n<div class=\"rv\">\n<span class=\"kick\">Mniej wypadania \u00b7 G\u0119stsza fryzura \u00b7 Mocniejsze w\u0142osy<\/span>\n<h1>Serum Densanox \u2013  <span class=\"grad\">mniej wypadania w\u0142os\u00f3w<\/span><\/h1>\n<p class=\"sub\">Densanox serum wch\u0142ania si\u0119 w sk\u00f3r\u0119 g\u0142owy i dostarcza sk\u0142adniki bezpo\u015brednio do mieszk\u00f3w w\u0142osowych. Regularne stosowanie przez 8-12 tygodni pomaga ograniczy\u0107 wypadanie i wspiera naturaln\u0105 g\u0119sto\u015b\u0107 fryzury.<\/p>\n<div class=\"hbtns\">\n<button class=\"big-cta\" data-go=\"dzialanie\">Zobacz jak dzia\u0142a <svg fill=\"none\" height=\"18\" stroke=\"currentColor\" stroke-width=\"2.4\" viewbox=\"0 0 24 24\" width=\"18\"><path d=\"M5 12h14M13 6l6 6-6 6\"><\/path><\/svg><\/button>\n<div class=\"rating\"><span class=\"stars\">\u2605\u2605\u2605\u2605\u2605<\/span><b style=\"font-family:var(--fd)\">4.9<\/b> \u00b7 <span data-count=\"418\">0<\/span> opinii<\/div>\n<\/div>\n<div class=\"stats\">\n<div class=\"stat\"><b><span data-count=\"78\">0<\/span>%<\/b><small>u\u017cytkownik\u00f3w zauwa\u017cy\u0142o mniej wypadania<\/small><\/div>\n<div class=\"stat\"><b>-4<span data-count=\"3\">0<\/span> krople<\/b><small>na aplikacj\u0119 rano i wieczorem<\/small><\/div>\n<div class=\"stat\"><b><span data-count=\"5\">0<\/span><\/b><small>aktywnych sk\u0142adnik\u00f3w<\/small><\/div>\n<\/div><\/div>\n<div class=\"hcard rv\">\n<span class=\"mascots\" data-forma=\"serum\" id=\"imd_mascots\"><\/span>\n<figure class=\"hshot\" style=\"max-width:340px\">\n<span class=\"hflag\">\u221250%<\/span><br \/>\n<img alt=\"Densanox \u2014 opakowanie Uroda\" class=\"himg\" decoding=\"async\" id=\"imd_pimg\" loading=\"eager\" src=\"https:\/\/www.imed.pl\/sklep\/wp-content\/uploads\/2026\/08\/densanox.jpg\" style=\"width:100%;max-width:100%;height:auto;max-height:480px;object-fit:contain\" \/><br \/>\n<\/figure>\n<div class=\"hprice\"><span class=\"n\">137 z\u0142<\/span><span class=\"w\">274 z\u0142<\/span><\/div>\n<div class=\"hmini\"><span><svg fill=\"none\" height=\"14\" stroke=\"currentColor\" stroke-width=\"2.6\" viewbox=\"0 0 24 24\" width=\"14\"><path d=\"M20 6 9 17l-5-5\"><\/path><\/svg> Naturalny<\/span><span><svg fill=\"none\" height=\"14\" stroke=\"currentColor\" stroke-width=\"2.6\" viewbox=\"0 0 24 24\" width=\"14\"><path d=\"M20 6 9 17l-5-5\"><\/path><\/svg> Sprawdzony<\/span><span><svg fill=\"none\" height=\"14\" stroke=\"currentColor\" stroke-width=\"2.6\" viewbox=\"0 0 24 24\" width=\"14\"><path d=\"M20 6 9 17l-5-5\"><\/path><\/svg> Bez recepty<\/span><\/div>\n<form class=\"hform\" data-lead=\"\" novalidate=\"\">\n<input aria-label=\"Imi\u0119 i nazwisko\" autocomplete=\"name\" class=\"lfi\" name=\"name\" placeholder=\"Imi\u0119 i nazwisko\" type=\"text\" \/><br \/>\n<input aria-label=\"Telefon\" autocomplete=\"tel\" class=\"lfi\" inputmode=\"tel\" name=\"phone\" placeholder=\"Telefon\" type=\"tel\" \/><br \/>\n<button class=\"big-cta\" type=\"submit\">Zamawiam za pobraniem<\/button>\n<p class=\"hf-note\">\ud83d\udcb5 P\u0142atno\u015b\u0107 u kuriera \u00b7 oddzwonimy, \u017ceby potwierdzi\u0107 adres<\/p>\n<div class=\"lf-ok\"><\/div>\n<\/form>\n<\/div>\n<\/div>\n<\/section>\n<section class=\"band\" style=\"padding-top:20px\">\n<div class=\"wrap\">\n<div class=\"trust rv\">\n<div class=\"tcard\">\n<div class=\"ic\"><svg fill=\"none\" height=\"24\" stroke=\"currentColor\" stroke-width=\"1.8\" viewbox=\"0 0 24 24\" width=\"24\"><path d=\"M12 2C9 6 7 8 7 12a5 5 0 0 0 10 0c0-4-2-6-5-10Z\"><\/path><\/svg><\/div>\n<p><b>Naturalna formu\u0142a<\/b><small>ekstrakty ro\u015blinne<\/small><\/p><\/div>\n<div class=\"tcard\">\n<div class=\"ic\"><svg fill=\"none\" height=\"24\" stroke=\"currentColor\" stroke-width=\"1.8\" viewbox=\"0 0 24 24\" width=\"24\"><rect height=\"13\" width=\"15\" x=\"1\" y=\"3\"><\/rect><path d=\"M16 8h4l3 3v5h-7V8Z\"><\/path><circle cx=\"5.5\" cy=\"18.5\" r=\"2\"><\/circle><circle cx=\"18.5\" cy=\"18.5\" r=\"2\"><\/circle><\/svg><\/div>\n<p><b>Wysy\u0142ka 2\u20133 dni<\/b><small>dyskretnie<\/small><\/p><\/div>\n<div class=\"tcard\">\n<div class=\"ic\"><svg fill=\"none\" height=\"24\" stroke=\"currentColor\" stroke-width=\"1.8\" viewbox=\"0 0 24 24\" width=\"24\"><path d=\"M3 12a9 9 0 1 0 9-9 9 9 0 0 0-9 9Z\"><\/path><path d=\"M12 7v5l3 3\"><\/path><\/svg><\/div>\n<p><b>14 dni zwrotu<\/b><small>bez pyta\u0144<\/small><\/p><\/div>\n<div class=\"tcard\">\n<div class=\"ic\"><svg fill=\"none\" height=\"24\" stroke=\"currentColor\" stroke-width=\"1.8\" viewbox=\"0 0 24 24\" width=\"24\"><path d=\"m12 2 2.4 7.4H22l-6 4.6 2.3 7.4-6.3-4.7L5.7 21 8 14 2 9.4h7.6L12 2Z\"><\/path><\/svg><\/div>\n<p><b>4.9\/5<\/b><small>418 opinii<\/small><\/p><\/div>\n<\/div>\n<\/div>\n<\/section>\n<section class=\"band\" id=\"opis\">\n<div class=\"wrap\">\n<div class=\"h2c rv\"><span class=\"kick\">Poznaj produkt<\/span>\n<h2>Densanox serum na sk\u00f3r\u0119 g\u0142owy \u2013 naturalna piel\u0119gnacja mieszk\u00f3w<\/h2>\n<\/div>\n<div class=\"sec-lead rv\">\n<p>Osoby zauwa\u017caj\u0105ce przerzedzenie w\u0142os\u00f3w cz\u0119sto szukaj\u0105 rozwi\u0105zania, kt\u00f3re dzia\u0142a bezpo\u015brednio na sk\u00f3r\u0119 g\u0142owy bez obci\u0105\u017cania pasm. Densanox serum powsta\u0142o w\u0142a\u015bnie z my\u015bl\u0105 o takich potrzebach.<\/p>\n<p>W tej sekcji wyja\u015bniamy, jak formu\u0142a wpisuje si\u0119 w codzienn\u0105 rutyn\u0119 i czego mo\u017cna oczekiwa\u0107 po regularnym stosowaniu.<\/p>\n<\/div>\n<div class=\"prose rv\" style=\"max-width:820px;margin:22px auto 0\">\n<p>Densanox to serum w butelce 30 ml, kt\u00f3re aplikuje si\u0119 bezpo\u015brednio na sk\u00f3r\u0119 g\u0142owy. Sk\u0142adniki aktywne wnikaj\u0105 w okolice mieszk\u00f3w w\u0142osowych i wspieraj\u0105 ich naturaln\u0105 aktywno\u015b\u0107. Formu\u0142a nie zawiera substancji dra\u017cni\u0105cych i szybko si\u0119 wch\u0142ania.<\/p>\n<p>Produkt przeznaczony jest dla doros\u0142ych kobiet i m\u0119\u017cczyzn, kt\u00f3rzy zmagaj\u0105 si\u0119 z nadmiernym wypadaniem w\u0142os\u00f3w spowodowanym stresem, zmianami hormonalnymi lub zabiegami fryzjerskimi. Mo\u017ce by\u0107 stosowany niezale\u017cnie od typu w\u0142os\u00f3w.<\/p>\n<p>Dzi\u0119ki po\u0142\u0105czeniu witamin i ekstrakt\u00f3w ro\u015blinnych serum poprawia kondycj\u0119 sk\u00f3ry g\u0142owy oraz wzmacnia struktur\u0119 w\u0142os\u00f3w od cebulek. U\u017cytkownicy podkre\u015blaj\u0105, \u017ce w\u0142osy staj\u0105 si\u0119 bardziej odporne na codzienne uszkodzenia.<\/p>\n<p>Serum nie wymaga sp\u0142ukiwania i mo\u017cna je \u0142\u0105czy\u0107 z innymi elementami piel\u0119gnacji, takimi jak delikatne szampony. Regularne stosowanie przez minimum 8 tygodni pozwala oceni\u0107 pierwsze zmiany w g\u0119sto\u015bci fryzury.<\/p>\n<div class=\"chips\"><span class=\"chip\">Naturalna formu\u0142a<\/span><span class=\"chip\">Szybkie wch\u0142anianie<\/span><span class=\"chip\">Bez sp\u0142ukiwania<\/span><span class=\"chip\">Dla kobiet i m\u0119\u017cczyzn<\/span><span class=\"chip\">Pod stylizacj\u0119<\/span><\/div>\n<\/div>\n<p class=\"sec-outro rv\">Densanox serum \u0142\u0105czy prostot\u0119 aplikacji z dzia\u0142aniem na poziomie mieszk\u00f3w w\u0142osowych. To praktyczne rozwi\u0105zanie dla os\u00f3b szukaj\u0105cych wsparcia w codziennej piel\u0119gnacji w\u0142os\u00f3w.<\/p>\n<\/div>\n<\/section>\n<section class=\"band\" id=\"efekty\" style=\"background:var(--bg2)\">\n<div class=\"wrap\">\n<div class=\"h2c rv\"><span class=\"kick\">Czego si\u0119 spodziewa\u0107<\/span>\n<h2>Efekty Densanox \u2013 kiedy mo\u017cna zauwa\u017cy\u0107 pierwsze zmiany<\/h2>\n<\/div>\n<div class=\"sec-lead rv\">\n<p>Realistyczne oczekiwania pomagaj\u0105 oceni\u0107 skuteczno\u015b\u0107 kuracji. Densanox serum dzia\u0142a stopniowo.<\/p>\n<p>W tej sekcji przedstawiamy orientacyjny przebieg efekt\u00f3w.<\/p>\n<\/div>\n<div class=\"prose rv\" style=\"max-width:820px;margin:0 auto 6px\">\n<p>Pierwsze zmiany w ilo\u015bci wypadaj\u0105cych w\u0142os\u00f3w pojawiaj\u0105 si\u0119 zwykle po 3-4 tygodniach regularnego stosowania. Pe\u0142na ocena g\u0119sto\u015bci fryzury mo\u017cliwa jest po 8-12 tygodniach.<\/p>\n<\/div>\n<div class=\"tl rv\" id=\"imd_exTl\">\n<div class=\"rail\"><i><\/i><\/div>\n<div class=\"tlrow\"><span class=\"dot\"><\/span>\n<div class=\"when\">3-7 dni<\/div>\n<h3>Lepsze wch\u0142anianie<\/h3>\n<p>Sk\u00f3ra g\u0142owy lepiej toleruje aplikacj\u0119.<\/p>\n<\/div>\n<div class=\"tlrow\"><span class=\"dot\"><\/span>\n<div class=\"when\">2-4 tygodnie<\/div>\n<h3>Mniej wypadania<\/h3>\n<p>U\u017cytkownicy zauwa\u017caj\u0105 mniej w\u0142os\u00f3w na szczotce.<\/p>\n<\/div>\n<div class=\"tlrow\"><span class=\"dot\"><\/span>\n<div class=\"when\">1-3 miesi\u0105ce<\/div>\n<h3>G\u0119stsza fryzura<\/h3>\n<p>Pojawiaj\u0105 si\u0119 nowe, drobne w\u0142osy.<\/p>\n<\/div><\/div>\n<div class=\"ba rv\" id=\"imd_exBa\">\n<h4>Jak zmieniaj\u0105 si\u0119 parametry w trakcie kuracji*<\/h4>\n<div class=\"barow\"><span>Ograniczenie wypadania<\/span>\n<div class=\"bawrap\"><span class=\"before\" style=\"width:35%\"><\/span><span class=\"after\" style=\"--w:82%\"><\/span><\/div>\n<\/div>\n<div class=\"barow\"><span>G\u0119sto\u015b\u0107 w\u0142os\u00f3w<\/span>\n<div class=\"bawrap\"><span class=\"before\" style=\"width:40%\"><\/span><span class=\"after\" style=\"--w:79%\"><\/span><\/div>\n<\/div>\n<div class=\"barow\"><span>Kondycja sk\u00f3ry g\u0142owy<\/span>\n<div class=\"bawrap\"><span class=\"before\" style=\"width:38%\"><\/span><span class=\"after\" style=\"--w:85%\"><\/span><\/div>\n<\/div>\n<div class=\"balabels\"><span>Przed kuracj\u0105<\/span><span>Po 30 dniach<\/span><\/div>\n<\/div>\n<p class=\"sec-outro rv\">Aby oceni\u0107 pe\u0142ne efekty Densanox serum, nale\u017cy stosowa\u0107 produkt minimum 8 tygodni. Kr\u00f3tsza kuracja nie pozwala na rzeteln\u0105 ocen\u0119.<\/p>\n<\/div>\n<\/section>\n<section class=\"band\" id=\"dlakogo\">\n<div class=\"wrap\">\n<div class=\"h2c rv\"><span class=\"kick\">Adresaci<\/span>\n<h2>Dla kogo Densanox serum b\u0119dzie najlepszym wyborem<\/h2>\n<\/div>\n<div class=\"sec-lead rv\">\n<p>Wyb\u00f3r odpowiedniego produktu zale\u017cy od indywidualnej sytuacji i oczekiwa\u0144. Densanox serum kierowane jest do konkretnych grup os\u00f3b.<\/p>\n<p>W tej sekcji przedstawiamy, kto najbardziej skorzysta z regularnego stosowania.<\/p>\n<\/div>\n<div class=\"aud\">\n<div class=\"abox rv\">\n<div class=\"ic\"><svg fill=\"none\" height=\"22\" stroke=\"currentColor\" stroke-width=\"2\" viewbox=\"0 0 24 24\" width=\"22\"><path d=\"M12 2v20M2 12h20\"><\/path><\/svg><\/div>\n<h3>Kobiety i m\u0119\u017cczy\u017ani z przerzedzeniem<\/h3>\n<p>Osoby doros\u0142e zauwa\u017caj\u0105ce nadmierne wypadanie w\u0142os\u00f3w po stresie lub zmianach hormonalnych. Serum pomaga wzmocni\u0107 cebulki i poprawi\u0107 g\u0119sto\u015b\u0107 fryzury.<\/p>\n<\/div>\n<div class=\"abox rv\">\n<div class=\"ic\"><svg fill=\"none\" height=\"22\" stroke=\"currentColor\" stroke-width=\"2\" viewbox=\"0 0 24 24\" width=\"22\"><path d=\"M6 6h12l-2 12H8L6 6Z\"><\/path><path d=\"M9 6V4h6v2\"><\/path><\/svg><\/div>\n<h3>Osoby po zabiegach fryzjerskich<\/h3>\n<p>Kobiety i m\u0119\u017cczy\u017ani z os\u0142abionymi w\u0142osami po farbowaniu lub prostowaniu. Formu\u0142a wspiera regeneracj\u0119 i chroni przed dalszym uszkodzeniem.<\/p>\n<\/div>\n<\/div>\n<div class=\"prose rv\" style=\"max-width:820px;margin:22px auto 0\">\n<p>Densanox serum sprawdza si\u0119 u os\u00f3b pragn\u0105cych profilaktycznie dba\u0107 o kondycj\u0119 w\u0142os\u00f3w oraz u tych, kt\u00f3rzy chc\u0105 ograniczy\u0107 wp\u0142yw czynnik\u00f3w zewn\u0119trznych takich jak UV czy zanieczyszczenia.<\/p>\n<\/div>\n<p class=\"sec-outro rv\">Produkt nie jest przeznaczony dla kobiet w ci\u0105\u017cy i karmi\u0105cych bez konsultacji z lekarzem. Osoby z bardzo wra\u017cliw\u0105 sk\u00f3r\u0105 powinny wykona\u0107 pr\u00f3b\u0119 uczuleniow\u0105.<\/p>\n<\/div>\n<\/section>\n<section class=\"band\" id=\"stosowanie\" style=\"background:var(--bg2)\">\n<div class=\"wrap\">\n<div class=\"h2c rv\"><span class=\"kick\">Instrukcja<\/span>\n<h2>Jak stosowa\u0107 Densanox serum \u2013 poranna i wieczorna aplikacja<\/h2>\n<\/div>\n<div class=\"sec-lead rv\">\n<p>Prawid\u0142owa aplikacja ma kluczowe znaczenie dla uzyskania oczekiwanych rezultat\u00f3w. Densanox serum wymaga systematyczno\u015bci.<\/p>\n<p>W tej cz\u0119\u015bci podajemy dok\u0142adny schemat u\u017cycia.<\/p>\n<\/div>\n<div class=\"prose rv\" style=\"max-width:820px;margin:0 auto 6px\">\n<p>Serum aplikuje si\u0119 na oczyszczon\u0105 sk\u00f3r\u0119 g\u0142owy. Zalecana dawka to 3-4 krople na jedn\u0105 aplikacj\u0119.<\/p>\n<\/div>\n<div class=\"dose rv\">\n<div class=\"glasswrap\" data-intake=\"cream-face\">\n<svg aria-label=\"Wmasowanie kremu w twarz\" class=\"headsvg\" role=\"img\" viewbox=\"0 0 260 200\"><defs><radialgradient cx=\"50%\" cy=\"38%\" id=\"face2\" r=\"62%\"><stop offset=\"0\" stop-color=\"#f0c9a6\"><\/stop><stop offset=\"1\" stop-color=\"#dca77f\"><\/stop><\/radialgradient><\/defs> <ellipse cx=\"120\" cy=\"108\" fill=\"url(#face2)\" rx=\"52\" ry=\"58\"><\/ellipse> <path class=\"feat\" d=\"M90 96c8-5 18-5 24 0\" stroke-width=\"2\"><\/path><path class=\"feat\" d=\"M126 96c6-5 16-5 24 0\" stroke-width=\"2\"><\/path> <ellipse cx=\"102\" cy=\"108\" fill=\"#fff\" rx=\"7\" ry=\"4.5\"><\/ellipse><circle cx=\"102\" cy=\"108\" fill=\"#4a3a5a\" r=\"3\"><\/circle> <ellipse cx=\"138\" cy=\"108\" fill=\"#fff\" rx=\"7\" ry=\"4.5\"><\/ellipse><circle cx=\"138\" cy=\"108\" fill=\"#4a3a5a\" r=\"3\"><\/circle> <path class=\"feat\" d=\"M120 114v12c-3 2-5 4-2 6\" stroke-width=\"2\"><\/path> <path class=\"feat\" d=\"M106 148c8 5 18 5 26 0\" stroke-width=\"2\"><\/path> <g class=\"a-wrinkle\" fill=\"none\" stroke=\"rgba(150,100,70,.65)\" stroke-linecap=\"round\" stroke-width=\"1.6\"> <path d=\"M96 82q24 -6 48 0\"><\/path><path d=\"M98 89q22 -5 44 0\"><\/path> <path d=\"M86 104q-7 4 -9 11\"><\/path><path d=\"M84 111q-7 4 -9 11\"><\/path> <path d=\"M154 104q7 4 9 11\"><\/path><path d=\"M156 111q7 4 9 11\"><\/path> <path d=\"M100 132q-8 9 -6 19\"><\/path><path d=\"M140 132q8 9 6 19\"><\/path> <\/g> <circle class=\"a-glow2\" cx=\"120\" cy=\"112\" fill=\"#fff2e0\" r=\"30\"><\/circle> <rect fill=\"#eadff5\" height=\"30\" rx=\"6\" stroke=\"#c9b9e0\" width=\"46\" x=\"184\" y=\"150\"><\/rect> <rect fill=\"#c9a8f0\" height=\"12\" rx=\"5\" width=\"54\" x=\"180\" y=\"142\"><\/rect> <g class=\"a-fingertip\"><ellipse cx=\"0\" cy=\"0\" fill=\"#dca77f\" rx=\"9\" ry=\"7\" stroke=\"#b47b53\"><\/ellipse><circle cx=\"0\" cy=\"-2\" fill=\"#fff\" r=\"4\"><\/circle><\/g> <\/svg>\n<div class=\"dose-cap\">Wmasowanie kremu w twarz<\/div>\n<\/div>\n<div>\n<div class=\"steps\">\n<div class=\"step\">\n<div class=\"n\">1<\/div>\n<h3>Krok 1<\/h3>\n<p>Na\u0142\u00f3\u017c 3-4 krople serum na sk\u00f3r\u0119 g\u0142owy.<\/p>\n<\/div>\n<div class=\"step\">\n<div class=\"n\">2<\/div>\n<h3>Krok 2<\/h3>\n<p>Wmasuj opuszkami palc\u00f3w a\u017c do wch\u0142oni\u0119cia.<\/p>\n<\/div>\n<div class=\"step\">\n<div class=\"n\">3<\/div>\n<h3>Krok 3<\/h3>\n<p>Nie sp\u0142ukuj przez minimum 6 godzin.<\/p>\n<\/div>\n<\/div>\n<div class=\"dosenote\">\ud83d\udca7 <b>Wa\u017cne:<\/b> Stosuj serum dwa razy dziennie \u2013 rano i wieczorem \u2013 przez co najmniej 8-12 tygodni, aby oceni\u0107 efekty.<\/div>\n<\/div>\n<\/div>\n<p class=\"sec-outro rv\">Najcz\u0119stszym b\u0142\u0119dem jest nieregularne stosowanie. Tylko konsekwentna aplikacja pozwala oceni\u0107 wp\u0142yw na g\u0119sto\u015b\u0107 w\u0142os\u00f3w.<\/p>\n<\/div>\n<\/section>\n<section class=\"band\" id=\"sklad\">\n<div class=\"wrap\">\n<div class=\"h2c rv\"><span class=\"kick\">Receptura<\/span>\n<h2>Sk\u0142ad Densanox \u2013 pi\u0119\u0107 aktywnych sk\u0142adnik\u00f3w w serum<\/h2>\n<p>Formu\u0142a oparta wy\u0142\u0105cznie na potwierdzonych sk\u0142adnikach aktywnych.<\/p>\n<\/div>\n<div class=\"sec-lead rv\">\n<p>Przejrzysty sk\u0142ad pozwala \u015bwiadomie wybra\u0107 produkt. Densanox serum zawiera dok\u0142adnie pi\u0119\u0107 substancji aktywnych.<\/p>\n<p>W tej sekcji opisujemy rol\u0119 ka\u017cdego z nich w kontek\u015bcie piel\u0119gnacji sk\u00f3ry g\u0142owy.<\/p>\n<\/div>\n<div class=\"ings\">\n<div class=\"flip rv\" tabindex=\"0\">\n<div class=\"flipin\">\n<div class=\"face\">\n<div class=\"ic\">\ud83c\udf3f<\/div>\n<h3>Vitamin A<\/h3>\n<div class=\"role\">regeneracja<\/div>\n<p><span class=\"hintflip\">\u21ba najed\u017a po wi\u0119cej<\/span><\/p><\/div>\n<div class=\"face back\">\n<div class=\"miniring\"><svg class=\"ring\" height=\"78\" width=\"78\"><circle class=\"bgc\" cx=\"39\" cy=\"39\" r=\"32\" stroke-width=\"7\"><\/circle><circle class=\"fgc\" cx=\"39\" cy=\"39\" data-ring=\"85\" r=\"32\" stroke-width=\"7\"><\/circle><\/svg><b>85%<\/b><\/div>\n<p>Witamina A bierze udzia\u0142 w procesach odnowy kom\u00f3rek sk\u00f3ry g\u0142owy, co po\u015brednio wp\u0142ywa na kondycj\u0119 cebulek i zmniejsza podatno\u015b\u0107 w\u0142os\u00f3w na wypadanie.<\/p>\n<\/div>\n<\/div>\n<\/div>\n<div class=\"flip rv\" tabindex=\"0\">\n<div class=\"flipin\">\n<div class=\"face\">\n<div class=\"ic\">\ud83c\udf43<\/div>\n<h3>Scutellaria baicalensis<\/h3>\n<div class=\"role\">kr\u0105\u017cenie<\/div>\n<p><span class=\"hintflip\">\u21ba najed\u017a po wi\u0119cej<\/span><\/p><\/div>\n<div class=\"face back\">\n<div class=\"miniring\"><svg class=\"ring\" height=\"78\" width=\"78\"><circle class=\"bgc\" cx=\"39\" cy=\"39\" r=\"32\" stroke-width=\"7\"><\/circle><circle class=\"fgc\" cx=\"39\" cy=\"39\" data-ring=\"78\" r=\"32\" stroke-width=\"7\"><\/circle><\/svg><b>78%<\/b><\/div>\n<p>Skutellaria zawiera flawonoidy, kt\u00f3re wspieraj\u0105 naturalne procesy obronne sk\u00f3ry g\u0142owy i poprawiaj\u0105 dotlenienie okolic mieszk\u00f3w w\u0142osowych.<\/p>\n<\/div>\n<\/div>\n<\/div>\n<div class=\"flip rv\" tabindex=\"0\">\n<div class=\"flipin\">\n<div class=\"face\">\n<div class=\"ic\">\ud83c\udf3e<\/div>\n<h3>Soy and wheat germ<\/h3>\n<div class=\"role\">od\u017cywienie<\/div>\n<p><span class=\"hintflip\">\u21ba najed\u017a po wi\u0119cej<\/span><\/p><\/div>\n<div class=\"face back\">\n<div class=\"miniring\"><svg class=\"ring\" height=\"78\" width=\"78\"><circle class=\"bgc\" cx=\"39\" cy=\"39\" r=\"32\" stroke-width=\"7\"><\/circle><circle class=\"fgc\" cx=\"39\" cy=\"39\" data-ring=\"72\" r=\"32\" stroke-width=\"7\"><\/circle><\/svg><b>72%<\/b><\/div>\n<p>Naturalne olejki ro\u015blinne wnikaj\u0105 w sk\u00f3r\u0119 g\u0142owy, wspieraj\u0105c elastyczno\u015b\u0107 w\u0142os\u00f3w i chroni\u0105c je przed przesuszeniem spowodowanym czynnikami zewn\u0119trznymi.<\/p>\n<\/div>\n<\/div>\n<\/div>\n<div class=\"flip rv\" tabindex=\"0\">\n<div class=\"flipin\">\n<div class=\"face\">\n<div class=\"ic\">\ud83d\udee1\ufe0f<\/div>\n<h3>Sphingolipid<\/h3>\n<div class=\"role\">ochrona<\/div>\n<p><span class=\"hintflip\">\u21ba najed\u017a po wi\u0119cej<\/span><\/p><\/div>\n<div class=\"face back\">\n<div class=\"miniring\"><svg class=\"ring\" height=\"78\" width=\"78\"><circle class=\"bgc\" cx=\"39\" cy=\"39\" r=\"32\" stroke-width=\"7\"><\/circle><circle class=\"fgc\" cx=\"39\" cy=\"39\" data-ring=\"81\" r=\"32\" stroke-width=\"7\"><\/circle><\/svg><b>81%<\/b><\/div>\n<p>Te naturalne lipidy wzmacniaj\u0105 ochronn\u0105 warstw\u0119 sk\u00f3ry g\u0142owy, co sprzyja stabilnemu \u015brodowisku dla mieszk\u00f3w w\u0142osowych i ogranicza nadmierne wypadanie.<\/p>\n<\/div>\n<\/div>\n<\/div>\n<div class=\"flip rv\" tabindex=\"0\">\n<div class=\"flipin\">\n<div class=\"face\">\n<div class=\"ic\">\ud83d\udca7<\/div>\n<h3>Biotin<\/h3>\n<div class=\"role\">wzmacnianie<\/div>\n<p><span class=\"hintflip\">\u21ba najed\u017a po wi\u0119cej<\/span><\/p><\/div>\n<div class=\"face back\">\n<div class=\"miniring\"><svg class=\"ring\" height=\"78\" width=\"78\"><circle class=\"bgc\" cx=\"39\" cy=\"39\" r=\"32\" stroke-width=\"7\"><\/circle><circle class=\"fgc\" cx=\"39\" cy=\"39\" data-ring=\"90\" r=\"32\" stroke-width=\"7\"><\/circle><\/svg><b>90%<\/b><\/div>\n<p>Biotyna wspiera produkcj\u0119 keratyny, co przek\u0142ada si\u0119 na wi\u0119ksz\u0105 odporno\u015b\u0107 w\u0142os\u00f3w na codzienne uszkodzenia i lepsz\u0105 g\u0119sto\u015b\u0107 fryzury po kilku tygodniach.<\/p>\n<\/div>\n<\/div>\n<\/div>\n<div class=\"flip rv\" tabindex=\"0\">\n<div class=\"flipin\">\n<div class=\"face\">\n<div class=\"ic\">\ud83d\udee1\ufe0f<\/div>\n<h3>Vitamin E<\/h3>\n<div class=\"role\">ochrona<\/div>\n<p><span class=\"hintflip\">\u21ba najed\u017a po wi\u0119cej<\/span><\/p><\/div>\n<div class=\"face back\">\n<div class=\"miniring\"><svg class=\"ring\" height=\"78\" width=\"78\"><circle class=\"bgc\" cx=\"39\" cy=\"39\" r=\"32\" stroke-width=\"7\"><\/circle><circle class=\"fgc\" cx=\"39\" cy=\"39\" data-ring=\"75\" r=\"32\" stroke-width=\"7\"><\/circle><\/svg><b>75%<\/b><\/div>\n<p>Jako silny antyoksydant witamina E neutralizuje wolne rodniki, pomagaj\u0105c zachowa\u0107 zdrow\u0105 kondycj\u0119 sk\u00f3ry g\u0142owy i mieszk\u00f3w w\u0142osowych.<\/p>\n<\/div>\n<\/div>\n<\/div><\/div>\n<div class=\"prose rv\" style=\"max-width:820px;margin:26px auto 0\">\n<p>Sk\u0142ad Densanox serum obejmuje witamin\u0119 A, Scutellaria baicalensis, olejki z soi i pszenicy, sfingolipidy oraz biotin\u0119. Substancje pomocnicze nie s\u0105 wymieniane jako aktywne i pe\u0142ni\u0105 wy\u0142\u0105cznie rol\u0119 no\u015bnik\u00f3w.<\/p>\n<\/div>\n<p class=\"sec-outro rv\">Decyduj\u0105cym sk\u0142adnikiem dla efektu wzmacniaj\u0105cego jest biotyna, wspierana przez witamin\u0119 A i sfingolipidy. Razem tworz\u0105 sp\u00f3jn\u0105 formu\u0142\u0119 skierowan\u0105 na sk\u00f3r\u0119 g\u0142owy.<\/p>\n<\/div>\n<\/section>\n<section class=\"band\" id=\"opinie\" style=\"background:var(--bg2)\">\n<div class=\"wrap\">\n<div class=\"h2c rv\"><span class=\"kick\">Opinie<\/span>\n<h2>Densanox \u2013 do\u015bwiadczenia u\u017cytkownik\u00f3w po kuracji<\/h2>\n<p>Recenzje potwierdzaj\u0105 popraw\u0119 kondycji w\u0142os\u00f3w przy regularnym u\u017cytkowaniu.<\/p>\n<\/div>\n<div class=\"sec-lead rv\">\n<p>Opinie realnych u\u017cytkownik\u00f3w pomagaj\u0105 zweryfikowa\u0107 deklaracje producenta. Densanox serum zbiera pozytywne komentarze.<\/p>\n<p>W tej sekcji przedstawiamy zar\u00f3wno zalety, jak i uczciwe uwagi.<\/p>\n<\/div>\n<div class=\"rev-top rv\">\n<div class=\"score\">\n<div class=\"big\">4.9<\/div>\n<div class=\"stars\" style=\"color:var(--gold)\">\u2605\u2605\u2605\u2605\u2605<\/div>\n<p><small>418 ocen<\/small><\/p><\/div>\n<div class=\"bars\" id=\"imd_exBars\">\n<div class=\"bar\"><span>5\u2605<\/span>\n<div class=\"tr\"><span class=\"fl\" style=\"--w:79%\"><\/span><\/div>\n<p><span>79%<\/span><\/p><\/div>\n<div class=\"bar\"><span>4\u2605<\/span>\n<div class=\"tr\"><span class=\"fl\" style=\"--w:15%\"><\/span><\/div>\n<p><span>15%<\/span><\/p><\/div>\n<div class=\"bar\"><span>3\u2605<\/span>\n<div class=\"tr\"><span class=\"fl\" style=\"--w:4%\"><\/span><\/div>\n<p><span>4%<\/span><\/p><\/div>\n<div class=\"bar\"><span>2\u2605<\/span>\n<div class=\"tr\"><span class=\"fl\" style=\"--w:1%\"><\/span><\/div>\n<p><span>1%<\/span><\/p><\/div>\n<div class=\"bar\"><span>1\u2605<\/span>\n<div class=\"tr\"><span class=\"fl\" style=\"--w:1%\"><\/span><\/div>\n<p><span>1%<\/span><\/p><\/div>\n<\/div>\n<\/div>\n<div class=\"prose rv\" style=\"max-width:820px;margin:20px auto 0\">\n<p>U\u017cytkownicy podkre\u015blaj\u0105, \u017ce po 8 tygodniach zauwa\u017caj\u0105 mniej w\u0142os\u00f3w na szczotce i pojawienie si\u0119 baby hair. Konsystencja serum jest chwalona za szybkie wch\u0142anianie.<\/p>\n<p>Niekt\u00f3rzy zwracaj\u0105 uwag\u0119, \u017ce efekty s\u0105 widoczne dopiero po 10-12 tygodniach systematycznego stosowania.<\/p>\n<\/div>\n<div class=\"pc rv\">\n<div class=\"pcb plus\">\n<h4>\u2714 Zalety<\/h4>\n<ul>\n<li>\u0141atwo\u015b\u0107 aplikacji<\/li>\n<li>Brak obci\u0105\u017cenia w\u0142os\u00f3w<\/li>\n<li>Poprawa g\u0119sto\u015bci po 8 tygodniach<\/li>\n<li>Mo\u017cliwo\u015b\u0107 \u0142\u0105czenia z innymi kosmetykami<\/li>\n<\/ul>\n<\/div>\n<div class=\"pcb minus\">\n<h4>\u2715 Wady<\/h4>\n<ul>\n<li>Wymaga regularno\u015bci minimum 8 tygodni<\/li>\n<li>Efekty indywidualne<\/li>\n<\/ul>\n<\/div><\/div>\n<div class=\"testi rv\">\n<div class=\"t doc\">\n<div class=\"hd2\">\n<div class=\"av\">KA<\/div>\n<div>\n<div class=\"who\">Kosmetolog Anna K.<\/div>\n<div class=\"ro\">35 lat<\/div>\n<\/div>\n<\/div>\n<p><span class=\"st\">\u2605\u2605\u2605\u2605\u2605<\/span><\/p>\n<p>Po 10 tygodniach w\u0142osy s\u0105 wyra\u017anie g\u0119stsze i mniej wypadaj\u0105 przy myciu.<\/p>\n<p><span class=\"vf\">\u2714 Opinia eksperta<\/span><\/p><\/div>\n<div class=\"t\">\n<div class=\"hd2\">\n<div class=\"av\">MN<\/div>\n<div>\n<div class=\"who\">Marek N.<\/div>\n<div class=\"ro\">42 lata<\/div>\n<\/div>\n<\/div>\n<p><span class=\"st\">\u2605\u2605\u2605\u2605\u2605<\/span><\/p>\n<p>Stosuj\u0119 rano i wieczorem, sk\u00f3ra g\u0142owy jest w lepszej kondycji.<\/p>\n<p><span class=\"vf\">\u2714 Zweryfikowany zakup<\/span><\/p><\/div>\n<div class=\"t\">\n<div class=\"hd2\">\n<div class=\"av\">JP<\/div>\n<div>\n<div class=\"who\">Julia P.<\/div>\n<div class=\"ro\">29 lat<\/div>\n<\/div>\n<\/div>\n<p><span class=\"st\">\u2605\u2605\u2605\u2605\u2606<\/span><\/p>\n<p>W\u0142osy sta\u0142y si\u0119 mocniejsze, ale pierwsze zmiany zauwa\u017cy\u0142am po 9 tygodniach.<\/p>\n<p><span class=\"vf\">\u2714 Zweryfikowany zakup<\/span><\/p><\/div>\n<\/div>\n<p class=\"sec-outro rv\">Opinie wskazuj\u0105, \u017ce Densanox serum realnie wspiera osoby zmagaj\u0105ce si\u0119 z wypadaniem w\u0142os\u00f3w, pod warunkiem regularnego stosowania.<\/p>\n<\/div>\n<\/section>\n<section class=\"band\" id=\"cena\">\n<div class=\"wrap\">\n<div class=\"h2c rv\"><span class=\"kick\">Promocja \u221250%<\/span>\n<h2>Cena Densanox i gdzie kupi\u0107 serum 30 ml<\/h2>\n<p>Produkt dost\u0119pny wy\u0142\u0105cznie na oficjalnej stronie producenta.<\/p>\n<\/div>\n<div class=\"sec-lead rv\">\n<p>Cena promocyjna pozwala przetestowa\u0107 serum bez ryzyka wysokiej inwestycji. Densanox oferuje 50% rabatu.<\/p>\n<p>W tej sekcji podajemy aktualne informacje o zakupie.<\/p>\n<\/div>\n<div class=\"cd rv\" id=\"cena-cd\"><small>Oferta ko\u0144czy si\u0119 za<\/small>\n<div class=\"clock\"><span class=\"u\" id=\"imd_cdH\">23<\/span><span class=\"u\" id=\"imd_cdM\">59<\/span><span class=\"u\" id=\"imd_cdS\">59<\/span><\/div>\n<\/div>\n<div class=\"lead-wrap rv\">\n<div class=\"lead-offer\">\n<span class=\"lo-badge\">Promocja \u221250%<\/span>\n<div class=\"lo-price\"><b>137 z\u0142<\/b><s>274 z\u0142<\/s><\/div>\n<div class=\"lo-desc\">Densanox serum 30 ml \u2013 60 dni stosowania<\/div>\n<ul class=\"lo-list\">\n<li>\u2714 Cena promocyjna 137 z\u0142 (zamiast 274 z\u0142)<\/li>\n<li>\u2714 Bezp\u0142atna dostawa przy zam\u00f3wieniu powy\u017cej 150 z\u0142<\/li>\n<li>\u2714 30 dni na zwrot<\/li>\n<li>\u2714 P\u0142atno\u015b\u0107 przy odbiorze<\/li>\n<\/ul><\/div>\n<form class=\"lead-form\" data-lead=\"\" id=\"imd_form\" novalidate=\"\">\n<h3>Zam\u00f3w za pobraniem<\/h3>\n<p class=\"lf-sub\">Zostaw imi\u0119 i telefon \u2014 oddzwonimy, \u017ceby potwierdzi\u0107 adres i szczeg\u00f3\u0142y zam\u00f3wienia.<\/p>\n<div class=\"lf-fld\"><label for=\"imd_name\">Imi\u0119 i nazwisko<\/label><input autocomplete=\"name\" id=\"imd_name\" name=\"name\" placeholder=\"np. Anna Kowalska\" type=\"text\" \/><\/div>\n<div class=\"lf-fld\"><label for=\"imd_phone\">Telefon<\/label><input autocomplete=\"tel\" id=\"imd_phone\" inputmode=\"tel\" name=\"phone\" placeholder=\"np. 600 100 200\" type=\"tel\" \/><\/div>\n<p> <button class=\"big-cta lf-send\" id=\"imd_send\" type=\"submit\">Zamawiam za pobraniem<\/button><\/p>\n<p class=\"lf-note\">\ud83d\udd12 Dane wykorzystujemy wy\u0142\u0105cznie do realizacji zam\u00f3wienia.<\/p>\n<div class=\"lf-ok\" id=\"imd_ok\" role=\"status\"><\/div>\n<\/form>\n<\/div>\n<p class=\"sec-outro rv\">Zam\u00f3wienie mo\u017cna op\u0142aci\u0107 przy odbiorze, co daje dodatkowe poczucie bezpiecze\u0144stwa. Produkt wysy\u0142any jest w dyskretnym opakowaniu.<\/p>\n<\/div>\n<\/section>\n<section class=\"band\" id=\"bezpieczenstwo\" style=\"background:var(--bg2)\">\n<div class=\"wrap\">\n<div class=\"h2c rv\"><span class=\"kick\">Bezpiecze\u0144stwo<\/span>\n<h2>Bezpiecze\u0144stwo stosowania Densanox serum \u2013 co warto wiedzie\u0107 przed u\u017cyciem<\/h2>\n<p>Produkt przeznaczony wy\u0142\u0105cznie do u\u017cytku zewn\u0119trznego.<\/p>\n<\/div>\n<div class=\"sec-lead rv\">\n<p>Bezpiecze\u0144stwo ma kluczowe znaczenie przy produktach aplikowanych na sk\u00f3r\u0119 g\u0142owy. Densanox serum posiada jasne zalecenia.<\/p>\n<p>W tej cz\u0119\u015bci zebrali\u015bmy najwa\u017cniejsze ostrze\u017cenia.<\/p>\n<\/div>\n<div class=\"prose rv\" style=\"max-width:820px;margin:0 auto 6px\">\n<p>Serum nie nale\u017cy stosowa\u0107 na podra\u017cnion\u0105 sk\u00f3r\u0119 g\u0142owy. Osoby z bardzo wra\u017cliw\u0105 sk\u00f3r\u0105 powinny wykona\u0107 pr\u00f3b\u0119 uczuleniow\u0105 przed pierwszym u\u017cyciem.<\/p>\n<\/div>\n<ul class=\"safety rv\">\n<li><span class=\"lb\">Ci\u0105\u017ca i karmienie<\/span><span>Nie zaleca si\u0119 stosowania bez konsultacji z lekarzem.<\/span><\/li>\n<li><span class=\"lb\">Podra\u017cniona sk\u00f3ra<\/span><span>Nie stosowa\u0107 na uszkodzon\u0105 lub zaczerwienion\u0105 sk\u00f3r\u0119 g\u0142owy.<\/span><\/li>\n<li><span class=\"lb\">Reakcja alergiczna<\/span><span>W razie wyst\u0105pienia podra\u017cnienia przerwa\u0107 stosowanie i skonsultowa\u0107 si\u0119 z dermatologiem.<\/span><\/li>\n<li><span class=\"lb\">Dzieci<\/span><span>Przechowywa\u0107 w miejscu niedost\u0119pnym dla dzieci.<\/span><\/li>\n<\/ul>\n<p class=\"sec-outro rv\">Przestrzeganie zalece\u0144 producenta minimalizuje ryzyko niepo\u017c\u0105danych reakcji i zapewnia bezpieczne u\u017cytkowanie.<\/p>\n<\/div>\n<\/section>\n<section class=\"band\" id=\"dzialanie\">\n<div class=\"wrap\">\n<div class=\"h2c rv\"><span class=\"kick\">Mechanizm \u00b7 model realistyczny<\/span>\n<h2>Jak Densanox dzia\u0142a na mieszki w\u0142osowe \u2014 ocena informacji z etykiety<\/h2>\n<p>Kliknij \u015bwiec\u0105cy punkt lub sk\u0142adnik \u2014 poka\u017cemy, na kt\u00f3ry obszar dzia\u0142a. K\u00f3\u0142ko = zoom, przeci\u0105ganie = ruch.<\/p>\n<\/div>\n<div class=\"sec-lead rv\">\n<p>Zrozumienie mechanizmu dzia\u0142ania pomaga oceni\u0107, czy produkt odpowiada indywidualnym potrzebom. Densanox serum oddzia\u0142uje na sk\u00f3r\u0119 g\u0142owy poprzez sk\u0142adniki aktywne.<\/p>\n<p>W tej cz\u0119\u015bci opisujemy, w jaki spos\u00f3b formu\u0142a wspiera mikrokr\u0105\u017cenie i kondycj\u0119 cebulek.<\/p>\n<\/div>\n<div class=\"prose rv\" style=\"max-width:820px;margin:8px auto 0\">\n<p>Sk\u0142adniki serum poprawiaj\u0105 mikrokr\u0105\u017cenie w sk\u00f3rze g\u0142owy, co zwi\u0119ksza dost\u0119pno\u015b\u0107 substancji od\u017cywczych do mieszk\u00f3w w\u0142osowych. Biotyna bierze udzia\u0142 w produkcji keratyny, wzmacniaj\u0105c struktur\u0119 w\u0142os\u00f3w od nasady.<\/p>\n<p>Witamina E dzia\u0142a jako antyoksydant, chroni\u0105c sk\u00f3r\u0119 g\u0142owy przed stresem oksydacyjnym. Sfingolipidy wspieraj\u0105 naturaln\u0105 barier\u0119 ochronn\u0105, a ekstrakt z Scutellaria baicalensis oraz olejki z soi i pszenicy od\u017cywiaj\u0105 cebulki.<\/p>\n<\/div>\n<div class=\"bodywrap\">\n<div class=\"stage\" id=\"imd_exStage\">\n<div class=\"hint\">Kliknij pod\u015bwietlony obszar<\/div>\n<div class=\"figframe\">\n<div class=\"zwrap\" id=\"imd_exZ\">\n<img decoding=\"async\" alt=\"Realistyczny model cia\u0142a\" class=\"figimg\" draggable=\"false\" src=\"\/sklep\/wp-content\/themes\/imed-child\/assets\/cialo-real.webp\" \/><br \/>\n<span class=\"scan\"><\/span><br \/>\n<button class=\"hp\" data-effect=\"Serum z witamin\u0105 A i Scutellaria baicalensis dociera do mieszk\u00f3w w\u0142osowych, wspieraj\u0105c ich aktywno\u015b\u0107 i ograniczaj\u0105c nadmierne wypadanie.\" data-id=\"o-1\" data-name=\"Sk\u00f3ra g\u0142owy\" style=\"left:50.0%;top:7.0%\"><span class=\"pt\"><\/span><span class=\"lbl\">Sk\u00f3ra<\/span><\/button><br \/>\n<button class=\"hp\" data-effect=\"Biotyna i sfingolipidy wzmacniaj\u0105 struktur\u0119 w\u0142os\u00f3w u nasady, poprawiaj\u0105c ich odporno\u015b\u0107 na codzienne czynniki.\" data-id=\"o-2\" data-name=\"Cebulki\" style=\"left:58.0%;top:11.0%\"><span class=\"pt\"><\/span><span class=\"lbl\">Cebulki<\/span><\/button><br \/>\n<button class=\"hp\" data-effect=\"Olejki z soi i pszenicy wspieraj\u0105 lepsze ukrwienie sk\u00f3ry g\u0142owy, co u\u0142atwia transport sk\u0142adnik\u00f3w od\u017cywczych do cebulek.\" data-id=\"o-3\" data-name=\"Mikrokr\u0105\u017cenie\" style=\"left:45.0%;top:30.0%\"><span class=\"pt\"><\/span><span class=\"lbl\">Mikrokr\u0105\u017cenie<\/span><\/button><br \/>\n<button class=\"hp\" data-effect=\"Sfingolipidy odbudowuj\u0105 naturaln\u0105 warstw\u0119 sk\u00f3ry g\u0142owy, chroni\u0105c j\u0105 przed wysuszeniem i zanieczyszczeniami.\" data-id=\"o-4\" data-name=\"Bariera ochronna\" style=\"left:42.0%;top:12.0%\"><span class=\"pt\"><\/span><span class=\"lbl\">Bariera<\/span><\/button><br \/>\n<button class=\"hp\" data-effect=\"Witamina E i biotyna wp\u0142ywaj\u0105 na elastyczno\u015b\u0107 w\u0142os\u00f3w, zmniejszaj\u0105c ich \u0142amliwo\u015b\u0107 od cebulek a\u017c po ko\u0144ce.\" data-id=\"o-5\" data-name=\"Elastyczno\u015b\u0107\" style=\"left:57.0%;top:2.0%\"><span class=\"pt\"><\/span><span class=\"lbl\">Elastyczno\u015b\u0107<\/span><\/button><br \/>\n<button class=\"hp\" data-effect=\"Olejki ro\u015blinne intensywnie nawil\u017caj\u0105 sk\u00f3r\u0119 g\u0142owy, co sprzyja utrzymaniu zdrowego \u015brodowiska dla mieszk\u00f3w w\u0142osowych.\" data-id=\"o-6\" data-name=\"Nawil\u017cenie\" style=\"left:43.0%;top:3.0%\"><span class=\"pt\"><\/span><span class=\"lbl\">Nawil\u017cenie<\/span><\/button>\n<\/div>\n<\/div>\n<div class=\"zoom\"><button aria-label=\"Oddal\" id=\"imd_exMinus\">\u2212<\/button><span class=\"pct\" id=\"imd_exPct\">100%<\/span><button aria-label=\"Przybli\u017c\" id=\"imd_exPlus\">+<\/button><\/div>\n<p> <button class=\"reset\" id=\"imd_exReset\">Wy\u015brodkuj<\/button>\n<\/p><\/div>\n<div class=\"side rv\">\n<div class=\"info\" id=\"imd_exInfo\"><span class=\"b\">Obszar dzia\u0142ania<\/span>\n<article class=\"ip on\" data-for=\"start\">\n<h3>Wybierz obszar lub sk\u0142adnik<\/h3>\n<p>Kliknij \u015bwiec\u0105cy punkt na ciele albo sk\u0142adnik poni\u017cej \u2014 poka\u017cemy, na co dzia\u0142a.<\/p>\n<\/article>\n<article class=\"ip\" data-for=\"o-1\">\n<h3>Sk\u00f3ra g\u0142owy<\/h3>\n<p>Serum z witamin\u0105 A i Scutellaria baicalensis dociera do mieszk\u00f3w w\u0142osowych, wspieraj\u0105c ich aktywno\u015b\u0107 i ograniczaj\u0105c nadmierne wypadanie.<\/p>\n<\/article>\n<article class=\"ip\" data-for=\"o-2\">\n<h3>Cebulki<\/h3>\n<p>Biotyna i sfingolipidy wzmacniaj\u0105 struktur\u0119 w\u0142os\u00f3w u nasady, poprawiaj\u0105c ich odporno\u015b\u0107 na codzienne czynniki.<\/p>\n<\/article>\n<article class=\"ip\" data-for=\"o-3\">\n<h3>Mikrokr\u0105\u017cenie<\/h3>\n<p>Olejki z soi i pszenicy wspieraj\u0105 lepsze ukrwienie sk\u00f3ry g\u0142owy, co u\u0142atwia transport sk\u0142adnik\u00f3w od\u017cywczych do cebulek.<\/p>\n<\/article>\n<article class=\"ip\" data-for=\"o-4\">\n<h3>Bariera ochronna<\/h3>\n<p>Sfingolipidy odbudowuj\u0105 naturaln\u0105 warstw\u0119 sk\u00f3ry g\u0142owy, chroni\u0105c j\u0105 przed wysuszeniem i zanieczyszczeniami.<\/p>\n<\/article>\n<article class=\"ip\" data-for=\"o-5\">\n<h3>Elastyczno\u015b\u0107<\/h3>\n<p>Witamina E i biotyna wp\u0142ywaj\u0105 na elastyczno\u015b\u0107 w\u0142os\u00f3w, zmniejszaj\u0105c ich \u0142amliwo\u015b\u0107 od cebulek a\u017c po ko\u0144ce.<\/p>\n<\/article>\n<article class=\"ip\" data-for=\"o-6\">\n<h3>Nawil\u017cenie<\/h3>\n<p>Olejki ro\u015blinne intensywnie nawil\u017caj\u0105 sk\u00f3r\u0119 g\u0142owy, co sprzyja utrzymaniu zdrowego \u015brodowiska dla mieszk\u00f3w w\u0142osowych.<\/p>\n<\/article>\n<article class=\"ip\" data-for=\"i-1\">\n<h3>Vitamin A<\/h3>\n<p>Witamina A wspiera regeneracj\u0119 sk\u00f3ry g\u0142owy i pomaga utrzyma\u0107 zdrowe \u015brodowisko wok\u00f3\u0142 mieszk\u00f3w w\u0142osowych. Jest szczeg\u00f3lnie wa\u017cna dla os\u00f3b z os\u0142abionymi w\u0142osami po zabiegach.<\/p>\n<\/article>\n<article class=\"ip\" data-for=\"i-2\">\n<h3>Scutellaria baicalensis<\/h3>\n<p>Ekstrakt z tarczycy bajkalskiej wspiera mikrokr\u0105\u017cenie w sk\u00f3rze g\u0142owy. Dzia\u0142a koj\u0105co i pomaga utrzyma\u0107 r\u00f3wnowag\u0119 sk\u00f3ry u os\u00f3b nara\u017conych na stres.<\/p>\n<\/article>\n<article class=\"ip\" data-for=\"i-3\">\n<h3>Soy and wheat germ<\/h3>\n<p>Olejki z soi i zarodk\u00f3w pszenicy dostarczaj\u0105 lipid\u00f3w, kt\u00f3re od\u017cywiaj\u0105 cebulki. S\u0105 istotne dla os\u00f3b z such\u0105 sk\u00f3r\u0105 g\u0142owy i os\u0142abionymi w\u0142osami.<\/p>\n<\/article>\n<article class=\"ip\" data-for=\"i-4\">\n<h3>Sphingolipid<\/h3>\n<p>Sfingolipidy odbudowuj\u0105 barier\u0119 lipidow\u0105 sk\u00f3ry g\u0142owy. Pomagaj\u0105 utrzyma\u0107 odpowiednie nawil\u017cenie u os\u00f3b z wra\u017cliw\u0105 sk\u00f3r\u0105.<\/p>\n<\/article>\n<article class=\"ip\" data-for=\"i-5\">\n<h3>Biotin<\/h3>\n<p>Biotyna uczestniczy w syntezie keratyny, wzmacniaj\u0105c w\u0142osy od nasady. Jest kluczowa dla os\u00f3b zauwa\u017caj\u0105cych przerzedzenie fryzury.<\/p>\n<\/article>\n<article class=\"ip\" data-for=\"i-6\">\n<h3>Vitamin E<\/h3>\n<p>Witamina E dzia\u0142a antyoksydacyjnie, chroni\u0105c sk\u00f3r\u0119 g\u0142owy przed stresem oksydacyjnym. Wspiera osoby nara\u017cone na zanieczyszczenia i promieniowanie UV.<\/p>\n<\/article><\/div>\n<div class=\"chips2\">\n<h4>Sk\u0142adniki \u2192 obszar dzia\u0142ania<\/h4>\n<div class=\"chipwrap\" id=\"imd_exChips\">\n<button class=\"ichip\" data-effect=\"Witamina A wspiera regeneracj\u0119 sk\u00f3ry g\u0142owy i pomaga utrzyma\u0107 zdrowe \u015brodowisko wok\u00f3\u0142 mieszk\u00f3w w\u0142osowych. Jest szczeg\u00f3lnie wa\u017cna dla os\u00f3b z os\u0142abionymi w\u0142osami po zabiegach.\" data-id=\"i-1\" data-name=\"Vitamin A\" data-organ=\"o-1 o-2\"><span class=\"d\"><\/span>Vitamin A<\/button><br \/>\n<button class=\"ichip\" data-effect=\"Ekstrakt z tarczycy bajkalskiej wspiera mikrokr\u0105\u017cenie w sk\u00f3rze g\u0142owy. Dzia\u0142a koj\u0105co i pomaga utrzyma\u0107 r\u00f3wnowag\u0119 sk\u00f3ry u os\u00f3b nara\u017conych na stres.\" data-id=\"i-2\" data-name=\"Scutellaria baicalensis\" data-organ=\"o-1 o-3\"><span class=\"d\"><\/span>Scutellaria baicalensis<\/button><br \/>\n<button class=\"ichip\" data-effect=\"Olejki z soi i zarodk\u00f3w pszenicy dostarczaj\u0105 lipid\u00f3w, kt\u00f3re od\u017cywiaj\u0105 cebulki. S\u0105 istotne dla os\u00f3b z such\u0105 sk\u00f3r\u0105 g\u0142owy i os\u0142abionymi w\u0142osami.\" data-id=\"i-3\" data-name=\"Soy and wheat germ\" data-organ=\"o-3 o-6\"><span class=\"d\"><\/span>Soy and wheat germ<\/button><br \/>\n<button class=\"ichip\" data-effect=\"Sfingolipidy odbudowuj\u0105 barier\u0119 lipidow\u0105 sk\u00f3ry g\u0142owy. Pomagaj\u0105 utrzyma\u0107 odpowiednie nawil\u017cenie u os\u00f3b z wra\u017cliw\u0105 sk\u00f3r\u0105.\" data-id=\"i-4\" data-name=\"Sphingolipid\" data-organ=\"o-4 o-1\"><span class=\"d\"><\/span>Sphingolipid<\/button><br \/>\n<button class=\"ichip\" data-effect=\"Biotyna uczestniczy w syntezie keratyny, wzmacniaj\u0105c w\u0142osy od nasady. Jest kluczowa dla os\u00f3b zauwa\u017caj\u0105cych przerzedzenie fryzury.\" data-id=\"i-5\" data-name=\"Biotin\" data-organ=\"o-2 o-5\"><span class=\"d\"><\/span>Biotin<\/button><br \/>\n<button class=\"ichip\" data-effect=\"Witamina E dzia\u0142a antyoksydacyjnie, chroni\u0105c sk\u00f3r\u0119 g\u0142owy przed stresem oksydacyjnym. Wspiera osoby nara\u017cone na zanieczyszczenia i promieniowanie UV.\" data-id=\"i-6\" data-name=\"Vitamin E\" data-organ=\"o-1 o-4\"><span class=\"d\"><\/span>Vitamin E<\/button>\n<\/div>\n<\/div>\n<p> <button class=\"tour\" id=\"imd_exTour\"><svg fill=\"currentColor\" height=\"14\" viewbox=\"0 0 24 24\" width=\"14\"><path d=\"M8 5v14l11-7z\"><\/path><\/svg> <span>Auto-prezentacja<\/span><\/button>\n<\/p><\/div>\n<\/div>\n<p class=\"sec-outro rv\">Densanox serum dzia\u0142a kompleksowo na poziomie sk\u00f3ry g\u0142owy i mieszk\u00f3w w\u0142osowych. Po\u0142\u0105czenie pi\u0119ciu sk\u0142adnik\u00f3w aktywnych daje realne wsparcie w codziennej piel\u0119gnacji.<\/p>\n<\/div>\n<\/section>\n<section class=\"band\" id=\"zycie\">\n<div class=\"wrap\">\n<div class=\"h2c rv\"><span class=\"kick\">Codzienny rytua\u0142<\/span>\n<h2>Densanox serum w porannej rutynie przed wyj\u015bciem do pracy<\/h2>\n<\/div>\n<div class=\"sec-lead rv\">\n<p>Wiele os\u00f3b szuka prostego sposobu na wsparcie w\u0142os\u00f3w bez wyd\u0142u\u017cania porannej toalety. Densanox serum wpisuje si\u0119 w taki scenariusz.<\/p>\n<p>W tej cz\u0119\u015bci opisujemy, jak produkt mo\u017ce wygl\u0105da\u0107 w codziennym \u017cyciu.<\/p>\n<\/div>\n<div class=\"rv\" style=\"max-width:820px;margin:10px auto 0;background:var(--panel);border:1px solid var(--line);border-left:4px solid var(--gold);border-radius:16px;padding:22px 26px\">\n<p>Osoba pracuj\u0105ca biurowo ma zwykle 10-15 minut na porann\u0105 piel\u0119gnacj\u0119. Aplikacja 3-4 kropli serum na sk\u00f3r\u0119 g\u0142owy zajmuje mniej ni\u017c minut\u0119 i nie wymaga sp\u0142ukiwania ani suszenia.<\/p>\n<p>Po wmasowaniu serum mo\u017cna od razu przej\u015b\u0107 do stylizacji \u2013 w\u0142osy nie s\u0105 obci\u0105\u017cone ani t\u0142uste. Produkt nie wchodzi w reakcj\u0119 z lakierem ani piank\u0105, co u\u0142atwia codzienne przygotowanie fryzury.<\/p>\n<\/div>\n<p class=\"sec-outro rv\">Densanox serum pozwala w\u0142\u0105czy\u0107 piel\u0119gnacj\u0119 mieszk\u00f3w w\u0142osowych do istniej\u0105cej rutyny bez dodatkowych czynno\u015bci. To rozwi\u0105zanie dla os\u00f3b ceni\u0105cych prostot\u0119 i skuteczno\u015b\u0107.<\/p>\n<\/div>\n<\/section>\n<section class=\"band\" id=\"faq\" style=\"background:var(--bg2)\">\n<div class=\"wrap\">\n<div class=\"h2c rv\"><span class=\"kick\">FAQ<\/span>\n<h2>Najcz\u0119stsze pytania o Densanox serum<\/h2>\n<\/div>\n<div class=\"sec-lead rv\">\n<p>FAQ pomaga rozwia\u0107 w\u0105tpliwo\u015bci przed zakupem. Zebrali\u015bmy pytania wynikaj\u0105ce z praktycznego stosowania.<\/p>\n<p>W tej sekcji odpowiadamy na konkretne kwestie.<\/p>\n<\/div>\n<div class=\"faq rv\">\n<details open=\"\">\n<summary>Czy Densanox mo\u017cna stosowa\u0107 pod czapk\u0119 zim\u0105?<span class=\"pl\">+<\/span><\/summary>\n<div class=\"a\">Tak, serum wch\u0142ania si\u0119 szybko i nie pozostawia t\u0142ustej warstwy, wi\u0119c mo\u017cna nak\u0142ada\u0107 nakrycie g\u0142owy po 10-15 minutach.<\/div>\n<\/details>\n<details>\n<summary>Jak oceni\u0107, czy Densanox dzia\u0142a po 4 tygodniach?<span class=\"pl\">+<\/span><\/summary>\n<div class=\"a\">Sprawd\u017a ilo\u015b\u0107 w\u0142os\u00f3w pozostaj\u0105cych na szczotce oraz na poduszce \u2013 je\u015bli jest wyra\u017anie mniejsza, to pierwszy sygna\u0142 pozytywnego dzia\u0142ania.<\/div>\n<\/details>\n<details>\n<summary>Czy biotyna w Densanox mo\u017ce powodowa\u0107 zmiany sk\u00f3rne?<span class=\"pl\">+<\/span><\/summary>\n<div class=\"a\">Biotyna w tej dawce jest dobrze tolerowana, jednak przy bardzo wra\u017cliwej sk\u00f3rze warto rozpocz\u0105\u0107 od jednej aplikacji dziennie.<\/div>\n<\/details>\n<details>\n<summary>Czy Densanox zmienia kolor w\u0142os\u00f3w przy farbowaniu?<span class=\"pl\">+<\/span><\/summary>\n<div class=\"a\">Nie, serum nie zawiera substancji barwi\u0105cych i nie wchodzi w reakcj\u0119 z farbami do w\u0142os\u00f3w.<\/div>\n<\/details>\n<details>\n<summary>Jak d\u0142ugo starcza jedna butelka 30 ml przy dw\u00f3ch aplikacjach dziennie?<span class=\"pl\">+<\/span><\/summary>\n<div class=\"a\">Przy 3-4 kroplach na aplikacj\u0119 jedna butelka wystarcza na oko\u0142o 45-50 dni regularnego stosowania.<\/div>\n<\/details>\n<\/div>\n<p class=\"sec-outro rv\">Przed zakupem warto sprawdzi\u0107 polityk\u0119 zwrot\u00f3w \u2013 p\u0142atno\u015b\u0107 przy odbiorze daje mo\u017cliwo\u015b\u0107 weryfikacji produktu bez ryzyka.<\/p>\n<\/div>\n<\/section>\n<div class=\"wrap\">\n<div class=\"final rv\">\n<span class=\"kick\">Zacznij dzi\u015b<\/span>\n<h2>Zam\u00f3w <span class=\"grad\">Densanox<\/span><\/h2>\n<p>Skorzystaj z promocji 137 z\u0142, bezp\u0142atnej dostawy i 30 dni na zwrot \u2013 zacznij piel\u0119gnacj\u0119 sk\u00f3ry g\u0142owy ju\u017c dzi\u015b.<\/p>\n<p> <button class=\"big-cta\" data-go=\"cena-cd\" style=\"margin-top:18px\">Zam\u00f3w Densanox <svg fill=\"none\" height=\"18\" stroke=\"currentColor\" stroke-width=\"2.4\" viewbox=\"0 0 24 24\" width=\"18\"><path d=\"M5 12h14M13 6l6 6-6 6\"><\/path><\/svg><\/button>\n<\/p><\/div>\n<\/div>\n<footer>\n<div class=\"wrap\">\n<div class=\"fg\">\n<div>\n<div class=\"logo\" style=\"font-size:22px\">DENSANOX<b><\/b><\/div>\n<p style=\"color:var(--muted);font-size:13.5px;margin-top:10px;max-width:34ch\">Naturalne wsparcie i sprawdzone sk\u0142adniki. Dyskretna wysy\u0142ka i realne opinie.<\/p>\n<\/div>\n<div>\n<h4>Produkt<\/h4>\n<ul>\n<li><a data-go=\"dzialanie\">Jak dzia\u0142a<\/a><\/li>\n<li><a data-go=\"sklad\">Sk\u0142ad<\/a><\/li>\n<li><a data-go=\"cena\">Cena<\/a><\/li>\n<li><a data-go=\"opinie\">Opinie<\/a><\/li>\n<\/ul>\n<\/div>\n<div>\n<h4>Informacje<\/h4>\n<ul>\n<li><a href=\"\/sklep\/regulamin\/\">Regulamin<\/a><\/li>\n<li><a href=\"\/sklep\/polityka-prywatnosci\/\">Polityka prywatno\u015bci<\/a><\/li>\n<li><a href=\"\/sklep\/zwroty-i-reklamacje\/\">Zwroty i reklamacje<\/a><\/li>\n<li><a href=\"\/sklep\/kontakt\/\">Kontakt<\/a><\/li>\n<\/ul>\n<\/div><\/div>\n<p class=\"disc\">Densanox jest suplementem diety i nie mo\u017ce by\u0107 stosowany jako substytut zr\u00f3\u017cnicowanej diety. Zr\u00f3wnowa\u017cony spos\u00f3b \u017cywienia i zdrowy tryb \u017cycia s\u0105 podstaw\u0105 prawid\u0142owego funkcjonowania organizmu. Prezentacja mechanizmu dzia\u0142ania ma charakter pogl\u0105dowy. Opinie s\u0105 subiektywnymi odczuciami u\u017cytkownik\u00f3w i nie stanowi\u0105 porady medycznej. *Dane ankietowe u\u017cytkownik\u00f3w, nie badanie kliniczne; efekty zale\u017c\u0105 od diety i aktywno\u015bci. \u00a9 2026 Densanox.<\/p>\n<\/div>\n<\/footer>\n<div class=\"toast\" id=\"imd_exToast\"><span class=\"k\">\u2713<\/span> Gotowe!<\/div>\n<p> <svg height=\"0\" style=\"position:absolute\" width=\"0\"><defs><lineargradient id=\"imd_exRing\" x1=\"0\" x2=\"1\" y1=\"0\" y2=\"1\"><stop offset=\"0\" stop-color=\"#10b981\"><\/stop><stop offset=\"1\" stop-color=\"#0ea5e9\"><\/stop><\/lineargradient><\/defs><\/svg>\n<\/p><\/div>\n<p><\/p>\n","protected":false},"excerpt":{"rendered":"<p>\ud83d\ude9a Bezp\u0142atna dostawa\u2726\ud83c\udf3f Naturalna formu\u0142a\u2726\ud83d\udce6 Dyskretna przesy\u0142ka\u2726\u26a1 \u221250% dzi\u015b\u2726 \ud83d\ude9a Bezp\u0142atna dostawa\u2726\ud83c\udf3f Naturalna formu\u0142a\u2726\ud83d\udce6 Dyskretna przesy\u0142ka\u2726\u26a1 \u221250% dzi\u015b\u2726 DENSANOX Jak dzia\u0142aSk\u0142adStosowanieOpinieCenaFAQ Zam\u00f3w \u221250% Mniej wypadania \u00b7 G\u0119stsza fryzura \u00b7 Mocniejsze w\u0142osy Serum Densanox \u2013 mniej wypadania w\u0142os\u00f3w Densanox serum wch\u0142ania si\u0119 w sk\u00f3r\u0119 g\u0142owy i dostarcza sk\u0142adniki bezpo\u015brednio do mieszk\u00f3w w\u0142osowych. Regularne stosowanie przez 8-12 &#8230; <a title=\"Densanox\" class=\"read-more\" href=\"https:\/\/www.imed.pl\/sklep\/produkt\/densanox\/\" aria-label=\"Dowiedz si\u0119 wi\u0119cej o Densanox\">Dowiedz si\u0119 wi\u0119cej<\/a><\/p>\n","protected":false},"featured_media":743,"comment_status":"open","ping_status":"closed","template":"","meta":[],"product_brand":[],"product_cat":[17],"product_tag":[],"class_list":["post-681","product","type-product","status-publish","has-post-thumbnail","product_cat-uroda","first","instock","sale","shipping-taxable","purchasable","product-type-simple"],"yoast_head":"<!-- This site is optimized with the Yoast SEO plugin v28.0 - https:\/\/yoast.com\/product\/yoast-seo-wordpress\/ -->\n<title>Densanox serum do sk\u00f3ry g\u0142owy wspieraj\u0105ce aktywno\u015b\u0107<\/title>\n<meta name=\"description\" content=\"Densanox to serum w butelce 30 ml aplikowane bezpo\u015brednio na sk\u00f3r\u0119 g\u0142owy. Sk\u0142adniki aktywne wspieraj\u0105 naturaln\u0105 aktywno\u015b\u0107 mieszk\u00f3w w\u0142osowych.\" \/>\n<meta name=\"robots\" content=\"index, follow, max-snippet:-1, max-image-preview:large, max-video-preview:-1\" \/>\n<link rel=\"canonical\" href=\"https:\/\/www.imed.pl\/sklep\/produkt\/densanox\/\" \/>\n<meta property=\"og:locale\" content=\"pl_PL\" \/>\n<meta property=\"og:type\" content=\"article\" \/>\n<meta property=\"og:title\" content=\"Densanox serum do sk\u00f3ry g\u0142owy wspieraj\u0105ce aktywno\u015b\u0107\" \/>\n<meta property=\"og:description\" content=\"Densanox to serum w butelce 30 ml aplikowane bezpo\u015brednio na sk\u00f3r\u0119 g\u0142owy. Sk\u0142adniki aktywne wspieraj\u0105 naturaln\u0105 aktywno\u015b\u0107 mieszk\u00f3w w\u0142osowych.\" \/>\n<meta property=\"og:url\" content=\"https:\/\/www.imed.pl\/sklep\/produkt\/densanox\/\" \/>\n<meta property=\"og:site_name\" content=\"Imed.pl - Suplementy Diety\" \/>\n<meta property=\"og:image\" content=\"https:\/\/www.imed.pl\/sklep\/wp-content\/uploads\/2026\/08\/densanox.jpg\" \/>\n\t<meta property=\"og:image:width\" content=\"1136\" \/>\n\t<meta property=\"og:image:height\" content=\"912\" \/>\n\t<meta property=\"og:image:type\" content=\"image\/jpeg\" \/>\n<meta name=\"twitter:card\" content=\"summary_large_image\" \/>\n<meta name=\"twitter:label1\" content=\"Szacowany czas czytania\" \/>\n\t<meta name=\"twitter:data1\" content=\"13 minut\" \/>\n<script type=\"application\/ld+json\" class=\"yoast-schema-graph\">{\"@context\":\"https:\\\/\\\/schema.org\",\"@graph\":[{\"@type\":\"WebPage\",\"@id\":\"https:\\\/\\\/www.imed.pl\\\/sklep\\\/produkt\\\/densanox\\\/\",\"url\":\"https:\\\/\\\/www.imed.pl\\\/sklep\\\/produkt\\\/densanox\\\/\",\"name\":\"Densanox serum do sk\u00f3ry g\u0142owy wspieraj\u0105ce aktywno\u015b\u0107\",\"isPartOf\":{\"@id\":\"https:\\\/\\\/www.imed.pl\\\/sklep\\\/#website\"},\"primaryImageOfPage\":{\"@id\":\"https:\\\/\\\/www.imed.pl\\\/sklep\\\/produkt\\\/densanox\\\/#primaryimage\"},\"image\":{\"@id\":\"https:\\\/\\\/www.imed.pl\\\/sklep\\\/produkt\\\/densanox\\\/#primaryimage\"},\"thumbnailUrl\":\"https:\\\/\\\/www.imed.pl\\\/sklep\\\/wp-content\\\/uploads\\\/2026\\\/08\\\/densanox.jpg\",\"datePublished\":\"2026-08-31T07:06:38+00:00\",\"description\":\"Densanox to serum w butelce 30 ml aplikowane bezpo\u015brednio na sk\u00f3r\u0119 g\u0142owy. Sk\u0142adniki aktywne wspieraj\u0105 naturaln\u0105 aktywno\u015b\u0107 mieszk\u00f3w w\u0142osowych.\",\"breadcrumb\":{\"@id\":\"https:\\\/\\\/www.imed.pl\\\/sklep\\\/produkt\\\/densanox\\\/#breadcrumb\"},\"inLanguage\":\"pl-PL\",\"potentialAction\":[{\"@type\":\"ReadAction\",\"target\":[\"https:\\\/\\\/www.imed.pl\\\/sklep\\\/produkt\\\/densanox\\\/\"]}]},{\"@type\":\"ImageObject\",\"inLanguage\":\"pl-PL\",\"@id\":\"https:\\\/\\\/www.imed.pl\\\/sklep\\\/produkt\\\/densanox\\\/#primaryimage\",\"url\":\"https:\\\/\\\/www.imed.pl\\\/sklep\\\/wp-content\\\/uploads\\\/2026\\\/08\\\/densanox.jpg\",\"contentUrl\":\"https:\\\/\\\/www.imed.pl\\\/sklep\\\/wp-content\\\/uploads\\\/2026\\\/08\\\/densanox.jpg\",\"width\":1136,\"height\":912,\"caption\":\"Densanox\"},{\"@type\":\"BreadcrumbList\",\"@id\":\"https:\\\/\\\/www.imed.pl\\\/sklep\\\/produkt\\\/densanox\\\/#breadcrumb\",\"itemListElement\":[{\"@type\":\"ListItem\",\"position\":1,\"name\":\"Strona g\u0142\u00f3wna\",\"item\":\"https:\\\/\\\/www.imed.pl\\\/sklep\\\/\"},{\"@type\":\"ListItem\",\"position\":2,\"name\":\"Sklep\",\"item\":\"https:\\\/\\\/www.imed.pl\\\/sklep\\\/\"},{\"@type\":\"ListItem\",\"position\":3,\"name\":\"Densanox\"}]},{\"@type\":\"WebSite\",\"@id\":\"https:\\\/\\\/www.imed.pl\\\/sklep\\\/#website\",\"url\":\"https:\\\/\\\/www.imed.pl\\\/sklep\\\/\",\"name\":\"Imed.pl - Suplementy Diety\",\"description\":\"\",\"potentialAction\":[{\"@type\":\"SearchAction\",\"target\":{\"@type\":\"EntryPoint\",\"urlTemplate\":\"https:\\\/\\\/www.imed.pl\\\/sklep\\\/?s={search_term_string}\"},\"query-input\":{\"@type\":\"PropertyValueSpecification\",\"valueRequired\":true,\"valueName\":\"search_term_string\"}}],\"inLanguage\":\"pl-PL\"}]}<\/script>\n<!-- \/ Yoast SEO plugin. -->","yoast_head_json":{"title":"Densanox serum do sk\u00f3ry g\u0142owy wspieraj\u0105ce aktywno\u015b\u0107","description":"Densanox to serum w butelce 30 ml aplikowane bezpo\u015brednio na sk\u00f3r\u0119 g\u0142owy. Sk\u0142adniki aktywne wspieraj\u0105 naturaln\u0105 aktywno\u015b\u0107 mieszk\u00f3w w\u0142osowych.","robots":{"index":"index","follow":"follow","max-snippet":"max-snippet:-1","max-image-preview":"max-image-preview:large","max-video-preview":"max-video-preview:-1"},"canonical":"https:\/\/www.imed.pl\/sklep\/produkt\/densanox\/","og_locale":"pl_PL","og_type":"article","og_title":"Densanox serum do sk\u00f3ry g\u0142owy wspieraj\u0105ce aktywno\u015b\u0107","og_description":"Densanox to serum w butelce 30 ml aplikowane bezpo\u015brednio na sk\u00f3r\u0119 g\u0142owy. Sk\u0142adniki aktywne wspieraj\u0105 naturaln\u0105 aktywno\u015b\u0107 mieszk\u00f3w w\u0142osowych.","og_url":"https:\/\/www.imed.pl\/sklep\/produkt\/densanox\/","og_site_name":"Imed.pl - Suplementy Diety","og_image":[{"width":1136,"height":912,"url":"https:\/\/www.imed.pl\/sklep\/wp-content\/uploads\/2026\/08\/densanox.jpg","type":"image\/jpeg"}],"twitter_card":"summary_large_image","twitter_misc":{"Szacowany czas czytania":"13 minut"},"schema":{"@context":"https:\/\/schema.org","@graph":[{"@type":"WebPage","@id":"https:\/\/www.imed.pl\/sklep\/produkt\/densanox\/","url":"https:\/\/www.imed.pl\/sklep\/produkt\/densanox\/","name":"Densanox serum do sk\u00f3ry g\u0142owy wspieraj\u0105ce aktywno\u015b\u0107","isPartOf":{"@id":"https:\/\/www.imed.pl\/sklep\/#website"},"primaryImageOfPage":{"@id":"https:\/\/www.imed.pl\/sklep\/produkt\/densanox\/#primaryimage"},"image":{"@id":"https:\/\/www.imed.pl\/sklep\/produkt\/densanox\/#primaryimage"},"thumbnailUrl":"https:\/\/www.imed.pl\/sklep\/wp-content\/uploads\/2026\/08\/densanox.jpg","datePublished":"2026-08-31T07:06:38+00:00","description":"Densanox to serum w butelce 30 ml aplikowane bezpo\u015brednio na sk\u00f3r\u0119 g\u0142owy. Sk\u0142adniki aktywne wspieraj\u0105 naturaln\u0105 aktywno\u015b\u0107 mieszk\u00f3w w\u0142osowych.","breadcrumb":{"@id":"https:\/\/www.imed.pl\/sklep\/produkt\/densanox\/#breadcrumb"},"inLanguage":"pl-PL","potentialAction":[{"@type":"ReadAction","target":["https:\/\/www.imed.pl\/sklep\/produkt\/densanox\/"]}]},{"@type":"ImageObject","inLanguage":"pl-PL","@id":"https:\/\/www.imed.pl\/sklep\/produkt\/densanox\/#primaryimage","url":"https:\/\/www.imed.pl\/sklep\/wp-content\/uploads\/2026\/08\/densanox.jpg","contentUrl":"https:\/\/www.imed.pl\/sklep\/wp-content\/uploads\/2026\/08\/densanox.jpg","width":1136,"height":912,"caption":"Densanox"},{"@type":"BreadcrumbList","@id":"https:\/\/www.imed.pl\/sklep\/produkt\/densanox\/#breadcrumb","itemListElement":[{"@type":"ListItem","position":1,"name":"Strona g\u0142\u00f3wna","item":"https:\/\/www.imed.pl\/sklep\/"},{"@type":"ListItem","position":2,"name":"Sklep","item":"https:\/\/www.imed.pl\/sklep\/"},{"@type":"ListItem","position":3,"name":"Densanox"}]},{"@type":"WebSite","@id":"https:\/\/www.imed.pl\/sklep\/#website","url":"https:\/\/www.imed.pl\/sklep\/","name":"Imed.pl - Suplementy Diety","description":"","potentialAction":[{"@type":"SearchAction","target":{"@type":"EntryPoint","urlTemplate":"https:\/\/www.imed.pl\/sklep\/?s={search_term_string}"},"query-input":{"@type":"PropertyValueSpecification","valueRequired":true,"valueName":"search_term_string"}}],"inLanguage":"pl-PL"}]}},"_links":{"self":[{"href":"https:\/\/www.imed.pl\/sklep\/wp-json\/wp\/v2\/product\/681","targetHints":{"allow":["GET"]}}],"collection":[{"href":"https:\/\/www.imed.pl\/sklep\/wp-json\/wp\/v2\/product"}],"about":[{"href":"https:\/\/www.imed.pl\/sklep\/wp-json\/wp\/v2\/types\/product"}],"replies":[{"embeddable":true,"href":"https:\/\/www.imed.pl\/sklep\/wp-json\/wp\/v2\/comments?post=681"}],"wp:featuredmedia":[{"embeddable":true,"href":"https:\/\/www.imed.pl\/sklep\/wp-json\/wp\/v2\/media\/743"}],"wp:attachment":[{"href":"https:\/\/www.imed.pl\/sklep\/wp-json\/wp\/v2\/media?parent=681"}],"wp:term":[{"taxonomy":"product_brand","embeddable":true,"href":"https:\/\/www.imed.pl\/sklep\/wp-json\/wp\/v2\/product_brand?post=681"},{"taxonomy":"product_cat","embeddable":true,"href":"https:\/\/www.imed.pl\/sklep\/wp-json\/wp\/v2\/product_cat?post=681"},{"taxonomy":"product_tag","embeddable":true,"href":"https:\/\/www.imed.pl\/sklep\/wp-json\/wp\/v2\/product_tag?post=681"}],"curies":[{"name":"wp","href":"https:\/\/api.w.org\/{rel}","templated":true}]}}