{"id":367,"date":"2026-08-23T16:20:17","date_gmt":"2026-08-23T14:20:17","guid":{"rendered":"https:\/\/www.imed.pl\/sklep\/?post_type=product&#038;p=367"},"modified":"2026-08-29T19:23:42","modified_gmt":"2026-08-29T17:23:42","slug":"derminax","status":"publish","type":"product","link":"https:\/\/www.imed.pl\/sklep\/produkt\/derminax\/","title":{"rendered":"Derminax"},"content":{"rendered":"<p><\/p>\n<div class=\"imd\">\n<span class=\"imd-meta\" data-category=\"Uroda\" data-currency=\"PLN\" data-desc=\"Derminax tabletki z pokrzyw\u0105, skrzypem i cynkiem wspomagaj\u0105 regulacj\u0119 sebum oraz kondycj\u0119 cery t\u0142ustej u doros\u0142ych.\" data-name=\"Derminax\" data-price=\"89\" hidden=\"\"><\/span>\n<div aria-hidden=\"true\" class=\"mq\">\n<div class=\"mqt\">\n<div class=\"mqg\"><span>\ud83d\ude9a Bezp\u0142atna dostawa<\/span><i>\u2726<\/i><span>\ud83c\udf3f Naturalna formu\u0142a<\/span><i>\u2726<\/i><span>\ud83d\udce6 Dyskretna przesy\u0142ka<\/span><i>\u2726<\/i><span>\u26a1 \u221250% dzi\u015b<\/span><i>\u2726<\/i><\/div>\n<div class=\"mqg\"><span>\ud83d\ude9a Bezp\u0142atna dostawa<\/span><i>\u2726<\/i><span>\ud83c\udf3f Naturalna formu\u0142a<\/span><i>\u2726<\/i><span>\ud83d\udce6 Dyskretna przesy\u0142ka<\/span><i>\u2726<\/i><span>\u26a1 \u221250% dzi\u015b<\/span><i>\u2726<\/i><\/div>\n<\/div>\n<\/div>\n<header class=\"hd\">\n<div class=\"wrap\">\n<a class=\"logo\" href=\"#\">DERMINAX<b><\/b><\/a>\n<nav class=\"nav\"><a data-go=\"dzialanie\">Jak dzia\u0142a<\/a><a data-go=\"sklad\">Sk\u0142ad<\/a><a data-go=\"stosowanie\">Stosowanie<\/a><a data-go=\"opinie\">Opinie<\/a><a data-go=\"cena\">Cena<\/a><a data-go=\"faq\">FAQ<\/a><\/nav>\n<div class=\"r\"><button class=\"cta\" data-go=\"cena-cd\">Zam\u00f3w \u221250%<\/button><\/div>\n<\/div>\n<\/header>\n<section class=\"hero\">\n<span class=\"blob b1\"><\/span><span class=\"blob b2\"><\/span>\n<div class=\"wrap\">\n<div class=\"rv\">\n<span class=\"kick\">Mniej sebum \u00b7 Czystsza cera \u00b7 Regeneracja<\/span>\n<h1>Derminax pomaga odzyska\u0107 <span class=\"grad\">czyst\u0105 cer\u0119<\/span><\/h1>\n<p class=\"sub\">Tabletki dzia\u0142aj\u0105 od wewn\u0105trz, wspieraj\u0105c naturaln\u0105 regulacj\u0119 wydzielania sebum i popraw\u0119 wygl\u0105du sk\u00f3ry. Regularne stosowanie daje widoczne efekty przy cerze t\u0142ustej i sk\u0142onnej do niedoskona\u0142o\u015bci.<\/p>\n<div class=\"hbtns\">\n<button class=\"big-cta\" data-go=\"dzialanie\">Zobacz jak dzia\u0142a <svg fill=\"none\" height=\"18\" stroke=\"currentColor\" stroke-width=\"2.4\" viewbox=\"0 0 24 24\" width=\"18\"><path d=\"M5 12h14M13 6l6 6-6 6\"><\/path><\/svg><\/button>\n<div class=\"rating\"><span class=\"stars\">\u2605\u2605\u2605\u2605\u2605<\/span><b style=\"font-family:var(--fd)\">4.7<\/b> \u00b7 <span data-count=\"444\">0<\/span> opinii<\/div>\n<\/div>\n<div class=\"stats\">\n<div class=\"stat\"><b><span data-count=\"81\">0<\/span>%<\/b><small>u\u017cytkownik\u00f3w zauwa\u017cy\u0142o mniej wyprysk\u00f3w<\/small><\/div>\n<div class=\"stat\"><b>po<span data-count=\"3\">0<\/span> mies.<\/b><small>regularnym stosowaniu<\/small><\/div>\n<div class=\"stat\"><b><span data-count=\"18\">0<\/span><\/b><small>aktywnych sk\u0142adnik\u00f3w<\/small><\/div>\n<\/div><\/div>\n<div class=\"hcard rv\">\n<span class=\"mascots\" data-forma=\"tabletki\" id=\"imd_mascots\"><\/span>\n<figure class=\"hshot\" style=\"max-width:340px\">\n<span class=\"hflag\">\u221250%<\/span><br \/>\n<img alt=\"Derminax \u2014 opakowanie Uroda\" class=\"himg\" decoding=\"async\" id=\"imd_pimg\" loading=\"eager\" src=\"https:\/\/www.imed.pl\/sklep\/wp-content\/uploads\/2026\/08\/derminax.jpg\" style=\"width:100%;max-width:100%;height:auto;max-height:480px;object-fit:contain\" \/><br \/>\n<\/figure>\n<div class=\"hprice\"><span class=\"n\">89 z\u0142<\/span><span class=\"w\">179 z\u0142<\/span><\/div>\n<div class=\"hmini\"><span><svg fill=\"none\" height=\"14\" stroke=\"currentColor\" stroke-width=\"2.6\" viewbox=\"0 0 24 24\" width=\"14\"><path d=\"M20 6 9 17l-5-5\"><\/path><\/svg> Naturalny<\/span><span><svg fill=\"none\" height=\"14\" stroke=\"currentColor\" stroke-width=\"2.6\" viewbox=\"0 0 24 24\" width=\"14\"><path d=\"M20 6 9 17l-5-5\"><\/path><\/svg> Sprawdzony<\/span><span><svg fill=\"none\" height=\"14\" stroke=\"currentColor\" stroke-width=\"2.6\" viewbox=\"0 0 24 24\" width=\"14\"><path d=\"M20 6 9 17l-5-5\"><\/path><\/svg> Bez recepty<\/span><\/div>\n<div class=\"uap-ext-cta\" style=\"border:2px solid #10b981;border-radius:16px;padding:22px 20px;text-align:center;background:#0f221a;margin:14px 0\">\n<p style=\"margin:0 0 6px;font-weight:800;font-size:18px;color:#eafff6\">Zam\u00f3wienie u producenta<\/p>\n<p style=\"margin:0 0 14px;font-size:14px;color:#8fb3a4;line-height:1.5\">Ten produkt kupisz bezpo\u015brednio na oficjalnej stronie producenta \u2014 z gwarancj\u0105 oryginalno\u015bci i aktualn\u0105 promocj\u0105.<\/p>\n<p><a href=\"https:\/\/www.imed.pl\/sklep\/go\/derminax\/\" rel=\"nofollow sponsored noopener\" style=\"display:inline-block;background:#10b981;color:#fff;border-radius:999px;padding:14px 28px;font-weight:800;text-decoration:none;font-size:16px\" target=\"_blank\">Kup po najni\u017cszej cenie \u2192<\/a><\/p><\/div>\n<\/div>\n<\/div>\n<\/section>\n<section class=\"band\" style=\"padding-top:20px\">\n<div class=\"wrap\">\n<div class=\"trust rv\">\n<div class=\"tcard\">\n<div class=\"ic\"><svg fill=\"none\" height=\"24\" stroke=\"currentColor\" stroke-width=\"1.8\" viewbox=\"0 0 24 24\" width=\"24\"><path d=\"M12 2C9 6 7 8 7 12a5 5 0 0 0 10 0c0-4-2-6-5-10Z\"><\/path><\/svg><\/div>\n<p><b>Naturalna formu\u0142a<\/b><small>ekstrakty ro\u015blinne<\/small><\/p><\/div>\n<div class=\"tcard\">\n<div class=\"ic\"><svg fill=\"none\" height=\"24\" stroke=\"currentColor\" stroke-width=\"1.8\" viewbox=\"0 0 24 24\" width=\"24\"><rect height=\"13\" width=\"15\" x=\"1\" y=\"3\"><\/rect><path d=\"M16 8h4l3 3v5h-7V8Z\"><\/path><circle cx=\"5.5\" cy=\"18.5\" r=\"2\"><\/circle><circle cx=\"18.5\" cy=\"18.5\" r=\"2\"><\/circle><\/svg><\/div>\n<p><b>Wysy\u0142ka 2\u20133 dni<\/b><small>dyskretnie<\/small><\/p><\/div>\n<div class=\"tcard\">\n<div class=\"ic\"><svg fill=\"none\" height=\"24\" stroke=\"currentColor\" stroke-width=\"1.8\" viewbox=\"0 0 24 24\" width=\"24\"><path d=\"M3 12a9 9 0 1 0 9-9 9 9 0 0 0-9 9Z\"><\/path><path d=\"M12 7v5l3 3\"><\/path><\/svg><\/div>\n<p><b>14 dni zwrotu<\/b><small>bez pyta\u0144<\/small><\/p><\/div>\n<div class=\"tcard\">\n<div class=\"ic\"><svg fill=\"none\" height=\"24\" stroke=\"currentColor\" stroke-width=\"1.8\" viewbox=\"0 0 24 24\" width=\"24\"><path d=\"m12 2 2.4 7.4H22l-6 4.6 2.3 7.4-6.3-4.7L5.7 21 8 14 2 9.4h7.6L12 2Z\"><\/path><\/svg><\/div>\n<p><b>4.7\/5<\/b><small>444 opinii<\/small><\/p><\/div>\n<\/div>\n<\/div>\n<\/section>\n<section class=\"band\" id=\"opis\">\n<div class=\"wrap\">\n<div class=\"h2c rv\"><span class=\"kick\">Poznaj produkt<\/span>\n<h2>Derminax a kontrola sebum przy sk\u00f3rze mieszanej<\/h2>\n<\/div>\n<div class=\"sec-lead rv\">\n<p>Problemy z nadmiernym sebum dotykaj\u0105 wielu doros\u0142ych i wp\u0142ywaj\u0105 na samopoczucie oraz pewno\u015b\u0107 siebie. Derminax powsta\u0142 w\u0142a\u015bnie po to, by wspiera\u0107 sk\u00f3r\u0119 od wewn\u0105trz w spos\u00f3b systematyczny i naturalny.<\/p>\n<p>W tej sekcji dowiesz si\u0119, jak formu\u0142a tabletki \u0142\u0105czy wyci\u0105gi ro\u015blinne z witaminami i minera\u0142ami, by pomaga\u0107 w codziennej walce z niedoskona\u0142o\u015bciami.<\/p>\n<\/div>\n<div class=\"prose rv\" style=\"max-width:820px;margin:22px auto 0\">\n<p>Derminax to suplement w formie tabletek stworzony z my\u015bl\u0105 o osobach doros\u0142ych zmagaj\u0105cych si\u0119 z cer\u0105 t\u0142ust\u0105 i sk\u0142onn\u0105 do zmian. Sk\u0142adniki aktywne dzia\u0142aj\u0105 od wewn\u0105trz, wspieraj\u0105c naturalne procesy regulacji sebum przez gruczo\u0142y \u0142ojowe. Formu\u0142a zawiera standaryzowane wyci\u0105gi z pokrzywy i skrzypu, kt\u00f3re od lat s\u0105 doceniane w kontek\u015bcie kondycji sk\u00f3ry.<\/p>\n<p>Hydrolizat kolagenu oraz L-cystyna wspomagaj\u0105 struktur\u0119 sk\u00f3ry, a obecno\u015b\u0107 cynku i miedzi pomaga w procesach regeneracji. Witaminy z grupy B oraz C i E dodaj\u0105 ochrony antyoksydacyjnej, chroni\u0105c kom\u00f3rki przed stresem oksydacyjnym. Ca\u0142o\u015b\u0107 zosta\u0142a opracowana tak, by mo\u017cna by\u0142o stosowa\u0107 produkt d\u0142ugoterminowo bez obaw o obci\u0105\u017cenie organizmu.<\/p>\n<p>U\u017cytkownicy ceni\u0105 sobie prostot\u0119 \u2013 jedna tabletka dziennie podczas posi\u0142ku wystarczy, by dostarczy\u0107 mieszank\u0119 substancji aktywnych. Produkt nie obiecuje cud\u00f3w, lecz wspiera codzienne mechanizmy sk\u00f3ry, co przy systematycznym stosowaniu przez kilka miesi\u0119cy mo\u017ce przynie\u015b\u0107 zauwa\u017caln\u0105 r\u00f3\u017cnic\u0119 w wygl\u0105dzie cery.<\/p>\n<p>Dzi\u0119ki po\u0142\u0105czeniu naturalnych ekstrakt\u00f3w z kluczowymi witaminami i minera\u0142ami Derminax stanowi uzupe\u0142nienie rutyny piel\u0119gnacyjnej od wewn\u0105trz. Osoby z cer\u0105 problematyczn\u0105 cz\u0119sto szukaj\u0105 w\u0142a\u015bnie takich rozwi\u0105za\u0144, kt\u00f3re dzia\u0142aj\u0105 kompleksowo i nie wymagaj\u0105 skomplikowanych schemat\u00f3w.<\/p>\n<div class=\"chips\"><span class=\"chip\">Regulacja sebum<\/span><span class=\"chip\">Wsparcie regeneracji<\/span><span class=\"chip\">Ochrona antyoksydacyjna<\/span><span class=\"chip\">Naturalne wyci\u0105gi<\/span><span class=\"chip\">\u0141atwo\u015b\u0107 stosowania<\/span><\/div>\n<\/div>\n<p class=\"sec-outro rv\">Derminax skupia si\u0119 na wsparciu cery t\u0142ustej od wewn\u0105trz. Regularno\u015b\u0107 i cierpliwo\u015b\u0107 daj\u0105 najlepsze rezultaty przy tym typie sk\u00f3ry.<\/p>\n<\/div>\n<\/section>\n<section class=\"band\" id=\"dzialanie\" style=\"background:var(--bg2)\">\n<div class=\"wrap\">\n<div class=\"h2c rv\"><span class=\"kick\">Mechanizm \u00b7 model realistyczny<\/span>\n<h2>Jak Derminax wspiera procesy sk\u00f3rne<\/h2>\n<p>Kliknij \u015bwiec\u0105cy punkt lub sk\u0142adnik \u2014 poka\u017cemy, na kt\u00f3ry obszar dzia\u0142a. K\u00f3\u0142ko = zoom, przeci\u0105ganie = ruch.<\/p>\n<\/div>\n<div class=\"sec-lead rv\">\n<p>Mechanizm dzia\u0142ania suplementu opiera si\u0119 na synergii sk\u0142adnik\u00f3w, kt\u00f3re wsp\u00f3lnie wp\u0142ywaj\u0105 na gruczo\u0142y \u0142ojowe i regeneracj\u0119 nask\u00f3rka. Zrozumienie tego procesu pomaga oceni\u0107, dlaczego warto stosowa\u0107 produkt przez kilka miesi\u0119cy.<\/p>\n<p>W tej cz\u0119\u015bci wyja\u015bniamy, kt\u00f3re substancje odpowiadaj\u0105 za konkretne efekty i w jaki spos\u00f3b wp\u0142ywaj\u0105 na kondycj\u0119 sk\u00f3ry.<\/p>\n<\/div>\n<div class=\"prose rv\" style=\"max-width:820px;margin:8px auto 0\">\n<p>Wyci\u0105g z pokrzywy i skrzypu dostarcza krzemionki oraz substancji o w\u0142a\u015bciwo\u015bciach oczyszczaj\u0105cych i \u0142agodz\u0105cych, co pomaga w regulacji wydzielania sebum. Cynk i mied\u017a wspieraj\u0105 procesy gojenia zmian sk\u00f3rnych, a tlenek cynku dzia\u0142a antybakteryjnie na powierzchni sk\u00f3ry.<\/p>\n<p>Witamina C stymuluje produkcj\u0119 kolagenu, a witamina E chroni kom\u00f3rki przed uszkodzeniami oksydacyjnymi. L-cystyna i hydrolizat kolagenu wzmacniaj\u0105 struktur\u0119 sk\u00f3ry od wewn\u0105trz, co przek\u0142ada si\u0119 na lepsz\u0105 elastyczno\u015b\u0107 i odporno\u015b\u0107 na podra\u017cnienia.<\/p>\n<\/div>\n<div class=\"bodywrap\">\n<div class=\"stage\" id=\"imd_exStage\">\n<div class=\"hint\">Kliknij pod\u015bwietlony obszar<\/div>\n<div class=\"figframe\">\n<div class=\"zwrap\" id=\"imd_exZ\">\n<img decoding=\"async\" alt=\"Realistyczny model cia\u0142a\" class=\"figimg\" draggable=\"false\" src=\"\/sklep\/wp-content\/themes\/imed-child\/assets\/cialo-real.webp\" \/><br \/>\n<span class=\"scan\"><\/span><br \/>\n<button class=\"hp\" data-effect=\"Wyci\u0105g z pokrzywy i cynk pomagaj\u0105 zmniejszy\u0107 nadmierne wydzielanie sebum na sk\u00f3rze twarzy, co ogranicza powstawanie zmian.\" data-id=\"o-1\" data-name=\"Twarz\" style=\"left:50.0%;top:7.0%\"><span class=\"pt\"><\/span><span class=\"lbl\">Twarz<\/span><\/button><br \/>\n<button class=\"hp\" data-effect=\"Witamina E i C chroni\u0105 kom\u00f3rki sk\u00f3ry przed stresem oksydacyjnym, wspieraj\u0105c naturaln\u0105 barier\u0119 ochronn\u0105.\" data-id=\"o-2\" data-name=\"Sk\u00f3ra\" style=\"left:45.0%;top:30.0%\"><span class=\"pt\"><\/span><span class=\"lbl\">Sk\u00f3ra<\/span><\/button><br \/>\n<button class=\"hp\" data-effect=\"Mied\u017a i hydrolizat kolagenu wspomagaj\u0105 procesy odnowy nask\u00f3rka oraz gojenia istniej\u0105cych niedoskona\u0142o\u015bci.\" data-id=\"o-3\" data-name=\"Regeneracja\" data-side=\"left\" style=\"left:68.0%;top:31.0%\"><span class=\"pt\"><\/span><span class=\"lbl\">Regeneracja<\/span><\/button><br \/>\n<button class=\"hp\" data-effect=\"Pokrzywa wspiera naturalne procesy oczyszczania organizmu, co po\u015brednio wp\u0142ywa na kondycj\u0119 cery.\" data-id=\"o-4\" data-name=\"Oczyszczanie\" style=\"left:53.0%;top:34.0%\"><span class=\"pt\"><\/span><span class=\"lbl\">Oczyszczanie<\/span><\/button><br \/>\n<button class=\"hp\" data-effect=\"L-cystyna i kolagen pomagaj\u0105 utrzyma\u0107 struktur\u0119 sk\u00f3ry, zwi\u0119kszaj\u0105c jej odporno\u015b\u0107 na uszkodzenia.\" data-id=\"o-5\" data-name=\"Elastyczno\u015b\u0107\" style=\"left:44.0%;top:52.0%\"><span class=\"pt\"><\/span><span class=\"lbl\">Elastyczno\u015b\u0107<\/span><\/button><br \/>\n<button class=\"hp\" data-effect=\"Witaminy z grupy B wspomagaj\u0105 metabolizm kom\u00f3rkowy sk\u00f3ry, wspieraj\u0105c jej codzienn\u0105 regeneracj\u0119.\" data-id=\"o-6\" data-name=\"Ochrona\" data-side=\"left\" style=\"left:55.0%;top:58.0%\"><span class=\"pt\"><\/span><span class=\"lbl\">Ochrona<\/span><\/button>\n<\/div>\n<\/div>\n<div class=\"zoom\"><button aria-label=\"Oddal\" id=\"imd_exMinus\">\u2212<\/button><span class=\"pct\" id=\"imd_exPct\">100%<\/span><button aria-label=\"Przybli\u017c\" id=\"imd_exPlus\">+<\/button><\/div>\n<p> <button class=\"reset\" id=\"imd_exReset\">Wy\u015brodkuj<\/button>\n<\/p><\/div>\n<div class=\"side rv\">\n<div class=\"info\" id=\"imd_exInfo\"><span class=\"b\">Obszar dzia\u0142ania<\/span>\n<article class=\"ip on\" data-for=\"start\">\n<h3>Wybierz obszar lub sk\u0142adnik<\/h3>\n<p>Kliknij \u015bwiec\u0105cy punkt na ciele albo sk\u0142adnik poni\u017cej \u2014 poka\u017cemy, na co dzia\u0142a.<\/p>\n<\/article>\n<article class=\"ip\" data-for=\"o-1\">\n<h3>Twarz<\/h3>\n<p>Wyci\u0105g z pokrzywy i cynk pomagaj\u0105 zmniejszy\u0107 nadmierne wydzielanie sebum na sk\u00f3rze twarzy, co ogranicza powstawanie zmian.<\/p>\n<\/article>\n<article class=\"ip\" data-for=\"o-2\">\n<h3>Sk\u00f3ra<\/h3>\n<p>Witamina E i C chroni\u0105 kom\u00f3rki sk\u00f3ry przed stresem oksydacyjnym, wspieraj\u0105c naturaln\u0105 barier\u0119 ochronn\u0105.<\/p>\n<\/article>\n<article class=\"ip\" data-for=\"o-3\">\n<h3>Regeneracja<\/h3>\n<p>Mied\u017a i hydrolizat kolagenu wspomagaj\u0105 procesy odnowy nask\u00f3rka oraz gojenia istniej\u0105cych niedoskona\u0142o\u015bci.<\/p>\n<\/article>\n<article class=\"ip\" data-for=\"o-4\">\n<h3>Oczyszczanie<\/h3>\n<p>Pokrzywa wspiera naturalne procesy oczyszczania organizmu, co po\u015brednio wp\u0142ywa na kondycj\u0119 cery.<\/p>\n<\/article>\n<article class=\"ip\" data-for=\"o-5\">\n<h3>Elastyczno\u015b\u0107<\/h3>\n<p>L-cystyna i kolagen pomagaj\u0105 utrzyma\u0107 struktur\u0119 sk\u00f3ry, zwi\u0119kszaj\u0105c jej odporno\u015b\u0107 na uszkodzenia.<\/p>\n<\/article>\n<article class=\"ip\" data-for=\"o-6\">\n<h3>Ochrona<\/h3>\n<p>Witaminy z grupy B wspomagaj\u0105 metabolizm kom\u00f3rkowy sk\u00f3ry, wspieraj\u0105c jej codzienn\u0105 regeneracj\u0119.<\/p>\n<\/article>\n<article class=\"ip\" data-for=\"i-1\">\n<h3>Ekstrakt ze skrzypu<\/h3>\n<p>Standaryzowany na 19% kwasu krzemowego wspiera kondycj\u0119 sk\u00f3ry i regulacj\u0119 sebum u os\u00f3b z cer\u0105 t\u0142ust\u0105.<\/p>\n<\/article>\n<article class=\"ip\" data-for=\"i-2\">\n<h3>Ekstrakt z pokrzywy<\/h3>\n<p>Standaryzowany na 1% kwasu krzemowego dzia\u0142a oczyszczaj\u0105co i \u0142agodz\u0105co na sk\u00f3r\u0119 sk\u0142onn\u0105 do niedoskona\u0142o\u015bci.<\/p>\n<\/article>\n<article class=\"ip\" data-for=\"i-3\">\n<h3>Hydrolizat kolagenu<\/h3>\n<p>Wspiera struktur\u0119 i elastyczno\u015b\u0107 sk\u00f3ry u doros\u0142ych z cer\u0105 problematyczn\u0105.<\/p>\n<\/article>\n<article class=\"ip\" data-for=\"i-4\">\n<h3>L-cystyna<\/h3>\n<p>Wspomaga procesy odnowy kom\u00f3rkowej sk\u00f3ry przy regularnym stosowaniu.<\/p>\n<\/article>\n<article class=\"ip\" data-for=\"i-5\">\n<h3>Cynk<\/h3>\n<p>Dzia\u0142a antybakteryjnie i wspiera gojenie zmian sk\u00f3rnych u os\u00f3b z cer\u0105 t\u0142ust\u0105.<\/p>\n<\/article>\n<article class=\"ip\" data-for=\"i-6\">\n<h3>Witamina C<\/h3>\n<p>Wspomaga produkcj\u0119 kolagenu i dzia\u0142a antyoksydacyjnie na kom\u00f3rki sk\u00f3ry.<\/p>\n<\/article><\/div>\n<div class=\"chips2\">\n<h4>Sk\u0142adniki \u2192 obszar dzia\u0142ania<\/h4>\n<div class=\"chipwrap\" id=\"imd_exChips\">\n<button class=\"ichip\" data-effect=\"Standaryzowany na 19% kwasu krzemowego wspiera kondycj\u0119 sk\u00f3ry i regulacj\u0119 sebum u os\u00f3b z cer\u0105 t\u0142ust\u0105.\" data-id=\"i-1\" data-name=\"Ekstrakt ze skrzypu\" data-organ=\"o-1 o-3\"><span class=\"d\"><\/span>Ekstrakt ze skrzypu<\/button><br \/>\n<button class=\"ichip\" data-effect=\"Standaryzowany na 1% kwasu krzemowego dzia\u0142a oczyszczaj\u0105co i \u0142agodz\u0105co na sk\u00f3r\u0119 sk\u0142onn\u0105 do niedoskona\u0142o\u015bci.\" data-id=\"i-2\" data-name=\"Ekstrakt z pokrzywy\" data-organ=\"o-1 o-4\"><span class=\"d\"><\/span>Ekstrakt z pokrzywy<\/button><br \/>\n<button class=\"ichip\" data-effect=\"Wspiera struktur\u0119 i elastyczno\u015b\u0107 sk\u00f3ry u doros\u0142ych z cer\u0105 problematyczn\u0105.\" data-id=\"i-3\" data-name=\"Hydrolizat kolagenu\" data-organ=\"o-3 o-5\"><span class=\"d\"><\/span>Hydrolizat kolagenu<\/button><br \/>\n<button class=\"ichip\" data-effect=\"Wspomaga procesy odnowy kom\u00f3rkowej sk\u00f3ry przy regularnym stosowaniu.\" data-id=\"i-4\" data-name=\"L-cystyna\" data-organ=\"o-3 o-5\"><span class=\"d\"><\/span>L-cystyna<\/button><br \/>\n<button class=\"ichip\" data-effect=\"Dzia\u0142a antybakteryjnie i wspiera gojenie zmian sk\u00f3rnych u os\u00f3b z cer\u0105 t\u0142ust\u0105.\" data-id=\"i-5\" data-name=\"Cynk\" data-organ=\"o-1 o-3\"><span class=\"d\"><\/span>Cynk<\/button><br \/>\n<button class=\"ichip\" data-effect=\"Wspomaga produkcj\u0119 kolagenu i dzia\u0142a antyoksydacyjnie na kom\u00f3rki sk\u00f3ry.\" data-id=\"i-6\" data-name=\"Witamina C\" data-organ=\"o-2 o-6\"><span class=\"d\"><\/span>Witamina C<\/button>\n<\/div>\n<\/div>\n<p> <button class=\"tour\" id=\"imd_exTour\"><svg fill=\"currentColor\" height=\"14\" viewbox=\"0 0 24 24\" width=\"14\"><path d=\"M8 5v14l11-7z\"><\/path><\/svg> <span>Auto-prezentacja<\/span><\/button>\n<\/p><\/div>\n<\/div>\n<p class=\"sec-outro rv\">Sk\u0142adniki Derminax dzia\u0142aj\u0105 synergicznie na procesy sk\u00f3rne. Najlepsze efekty wida\u0107 po kilku tygodniach regularnego stosowania tabletek.<\/p>\n<\/div>\n<\/section>\n<section class=\"band\" id=\"efekty\">\n<div class=\"wrap\">\n<div class=\"h2c rv\"><span class=\"kick\">Czego si\u0119 spodziewa\u0107<\/span>\n<h2>Efekty Derminax przy cerze t\u0142ustej<\/h2>\n<\/div>\n<div class=\"sec-lead rv\">\n<p>Pierwsze zmiany w kondycji sk\u00f3ry pojawiaj\u0105 si\u0119 zwykle po kilku tygodniach regularnego stosowania. Pe\u0142ny efekt wymaga 3-6 miesi\u0119cy.<\/p>\n<p>W tej sekcji przedstawiamy realistyczny przebieg kuracji.<\/p>\n<\/div>\n<div class=\"prose rv\" style=\"max-width:820px;margin:0 auto 6px\">\n<p>Derminax wspiera regulacj\u0119 sebum i regeneracj\u0119 sk\u00f3ry od wewn\u0105trz. Efekty s\u0105 indywidualne i zale\u017c\u0105 od systematyczno\u015bci oraz cech cery.<\/p>\n<\/div>\n<div class=\"tl rv\" id=\"imd_exTl\">\n<div class=\"rail\"><i><\/i><\/div>\n<div class=\"tlrow\"><span class=\"dot\"><\/span>\n<div class=\"when\">3-7 dni<\/div>\n<h3>Adaptacja<\/h3>\n<p>Organizm przyzwyczaja si\u0119 do sk\u0142adnik\u00f3w.<\/p>\n<\/div>\n<div class=\"tlrow\"><span class=\"dot\"><\/span>\n<div class=\"when\">2-4 tygodnie<\/div>\n<h3>Pierwsze zmiany<\/h3>\n<p>Mo\u017cliwa redukcja nadmiaru sebum.<\/p>\n<\/div>\n<div class=\"tlrow\"><span class=\"dot\"><\/span>\n<div class=\"when\">1-3 miesi\u0105ce<\/div>\n<h3>Widoczna poprawa<\/h3>\n<p>Mniej niedoskona\u0142o\u015bci i lepsza kondycja.<\/p>\n<\/div><\/div>\n<div class=\"ba rv\" id=\"imd_exBa\">\n<h4>Jak zmieniaj\u0105 si\u0119 parametry w trakcie kuracji*<\/h4>\n<div class=\"barow\"><span>Regulacja sebum<\/span>\n<div class=\"bawrap\"><span class=\"before\" style=\"width:35%\"><\/span><span class=\"after\" style=\"--w:82%\"><\/span><\/div>\n<\/div>\n<div class=\"barow\"><span>Liczba zmian<\/span>\n<div class=\"bawrap\"><span class=\"before\" style=\"width:48%\"><\/span><span class=\"after\" style=\"--w:79%\"><\/span><\/div>\n<\/div>\n<div class=\"barow\"><span>Wygl\u0105d cery<\/span>\n<div class=\"bawrap\"><span class=\"before\" style=\"width:40%\"><\/span><span class=\"after\" style=\"--w:85%\"><\/span><\/div>\n<\/div>\n<div class=\"balabels\"><span>Przed kuracj\u0105<\/span><span>Po 30 dniach<\/span><\/div>\n<\/div>\n<p class=\"sec-outro rv\">Najlepsze rezultaty daje kuracja trwaj\u0105ca minimum trzy miesi\u0105ce. Po jej zako\u0144czeniu mo\u017cna oceni\u0107, czy kontynuowa\u0107 stosowanie.<\/p>\n<\/div>\n<\/section>\n<section class=\"band\" id=\"stosowanie\" style=\"background:var(--bg2)\">\n<div class=\"wrap\">\n<div class=\"h2c rv\"><span class=\"kick\">Instrukcja<\/span>\n<h2>Schemat przyjmowania Derminax w formie tabletek<\/h2>\n<\/div>\n<div class=\"sec-lead rv\">\n<p>Prawid\u0142owe dawkowanie jest kluczowe dla osi\u0105gni\u0119cia oczekiwanych efekt\u00f3w przy cerze t\u0142ustej. Jedna tabletka dziennie to zalecana dawka.<\/p>\n<p>W tej cz\u0119\u015bci znajdziesz dok\u0142adne wskaz\u00f3wki dotycz\u0105ce przyjmowania produktu.<\/p>\n<\/div>\n<div class=\"prose rv\" style=\"max-width:820px;margin:0 auto 6px\">\n<p>Zalecane stosowanie to jedna tabletka dziennie podczas posi\u0142ku, popijaj\u0105c du\u017c\u0105 ilo\u015bci\u0105 wody. Tabletek nie nale\u017cy rozgryza\u0107 ani \u017cu\u0107, aby sk\u0142adniki dotar\u0142y do jelit w nienaruszonej formie.<\/p>\n<\/div>\n<div class=\"dose rv\">\n<div class=\"glasswrap\" data-intake=\"tablet\">\n<svg aria-label=\"Po\u0142ykanie tabletki z wod\u0105\" class=\"headsvg\" role=\"img\" viewbox=\"0 0 260 200\"> <path class=\"skin\" d=\"M60 150v18h60v-18M60 40C44 44 36 66 38 92c0 26 22 44 44 44h30v-32c11-3 15-11 15-18l10-5c6-3 6-9 0-11l-11-3C122 48 96 36 78 40Z\"><\/path> <path class=\"feat\" d=\"M74 74c6-4 16-4 22 0\"><\/path><circle cx=\"86\" cy=\"86\" fill=\"rgba(255,225,205,.9)\" r=\"2.6\"><\/circle><path class=\"feat\" d=\"M104 106c5-2 9-2 12 1\"><\/path> <path class=\"throat\" d=\"M78 120l-4 44\"><\/path><circle class=\"gulp a-tabGulp\" cx=\"80\" cy=\"116\" r=\"5\"><\/circle> <g class=\"a-tabPill\"><circle cx=\"136\" cy=\"106\" fill=\"#eef3f8\" r=\"9\"><\/circle><path d=\"M128 106h16\" stroke=\"#c3ccd6\" stroke-width=\"1.4\"><\/path><\/g> <g class=\"a-tabGlass\"><path class=\"glassbody\" d=\"M168 110l5 56q0 8 14 8t14-8l5-56Z\"><\/path><path class=\"water\" d=\"M170 132h34l-3 34q0 6-14 6t-14-6Z\"><\/path><\/g> <\/svg>\n<div class=\"dose-cap\">Po\u0142ykanie tabletki z wod\u0105<\/div>\n<\/div>\n<div>\n<div class=\"steps\">\n<div class=\"step\">\n<div class=\"n\">1<\/div>\n<h3>Krok 1<\/h3>\n<p>Wyj\u0105\u0107 jedn\u0105 tabletk\u0119 z opakowania.<\/p>\n<\/div>\n<div class=\"step\">\n<div class=\"n\">2<\/div>\n<h3>Krok 2<\/h3>\n<p>Przyj\u0105\u0107 podczas posi\u0142ku popijaj\u0105c wod\u0105.<\/p>\n<\/div>\n<div class=\"step\">\n<div class=\"n\">3<\/div>\n<h3>Krok 3<\/h3>\n<p>Kontynuowa\u0107 przez 3-6 miesi\u0119cy.<\/p>\n<\/div>\n<\/div>\n<div class=\"dosenote\">\ud83d\udca7 <b>Wa\u017cne:<\/b> Optymalny okres stosowania to 3-6 miesi\u0119cy, po czym mo\u017cna oceni\u0107 efekty i ewentualnie przed\u0142u\u017cy\u0107 kuracj\u0119.<\/div>\n<\/div>\n<\/div>\n<p class=\"sec-outro rv\">Najcz\u0119stszym b\u0142\u0119dem jest nieregularne przyjmowanie. Systematyczno\u015b\u0107 ma najwi\u0119ksze znaczenie przy wsparciu kondycji sk\u00f3ry.<\/p>\n<\/div>\n<\/section>\n<section class=\"band\" id=\"dlakogo\">\n<div class=\"wrap\">\n<div class=\"h2c rv\"><span class=\"kick\">Adresaci<\/span>\n<h2>Derminax dla os\u00f3b z cer\u0105 t\u0142ust\u0105<\/h2>\n<\/div>\n<div class=\"sec-lead rv\">\n<p>Osoby doros\u0142e z cer\u0105 t\u0142ust\u0105 i sk\u0142onn\u0105 do niedoskona\u0142o\u015bci cz\u0119sto szukaj\u0105 wsparcia, kt\u00f3re dzia\u0142a od wewn\u0105trz, a nie tylko powierzchniowo. Derminax zosta\u0142 stworzony w\u0142a\u015bnie z my\u015bl\u0105 o takiej grupie.<\/p>\n<p>W tej sekcji opisujemy, dla kogo produkt b\u0119dzie najbardziej odpowiedni i jakie cechy sk\u00f3ry wskazuj\u0105 na potrzeb\u0119 suplementacji.<\/p>\n<\/div>\n<div class=\"aud\">\n<div class=\"abox rv\">\n<div class=\"ic\"><svg fill=\"none\" height=\"22\" stroke=\"currentColor\" stroke-width=\"2\" viewbox=\"0 0 24 24\" width=\"22\"><path d=\"M12 2v20M2 12h20\"><\/path><\/svg><\/div>\n<h3>Cera t\u0142usta i mieszana<\/h3>\n<p>Osoby zmagaj\u0105ce si\u0119 z nadmiernym wydzielaniem sebum zauwa\u017caj\u0105, \u017ce tabletki pomagaj\u0105 w codziennej regulacji proces\u00f3w sk\u00f3rnych i zmniejszaj\u0105 liczb\u0119 zmian.<\/p>\n<\/div>\n<div class=\"abox rv\">\n<div class=\"ic\"><svg fill=\"none\" height=\"22\" stroke=\"currentColor\" stroke-width=\"2\" viewbox=\"0 0 24 24\" width=\"22\"><path d=\"M6 6h12l-2 12H8L6 6Z\"><\/path><path d=\"M9 6V4h6v2\"><\/path><\/svg><\/div>\n<h3>Doro\u015bli w r\u00f3\u017cnym wieku<\/h3>\n<p>Zar\u00f3wno m\u0142odsi, jak i starsi doro\u015bli z problemami sk\u00f3rnymi zwi\u0105zanymi z sebum mog\u0105 korzysta\u0107 z produktu jako uzupe\u0142nienia piel\u0119gnacji.<\/p>\n<\/div>\n<\/div>\n<div class=\"prose rv\" style=\"max-width:820px;margin:22px auto 0\">\n<p>Derminax nie jest przeznaczony dla dzieci, m\u0142odzie\u017cy poni\u017cej 18 lat ani kobiet w ci\u0105\u017cy i karmi\u0105cych. Osoby z chorobami autoimmunologicznymi powinny skonsultowa\u0107 stosowanie z lekarzem.<\/p>\n<\/div>\n<p class=\"sec-outro rv\">Produkt nie jest dla ka\u017cdego. Przed rozpocz\u0119ciem kuracji warto sprawdzi\u0107 przeciwwskazania i skonsultowa\u0107 si\u0119 ze specjalist\u0105.<\/p>\n<\/div>\n<\/section>\n<section class=\"band\" id=\"opinie\" style=\"background:var(--bg2)\">\n<div class=\"wrap\">\n<div class=\"h2c rv\"><span class=\"kick\">Opinie<\/span>\n<h2>Co u\u017cytkownicy s\u0105dz\u0105 o Derminax<\/h2>\n<p>Co m\u00f3wi\u0105 osoby, kt\u00f3re stosowa\u0142y tabletki przy cerze t\u0142ustej.<\/p>\n<\/div>\n<div class=\"sec-lead rv\">\n<p>Opinie o Derminax pochodz\u0105 od doros\u0142ych z problemami sk\u00f3rnymi. Wi\u0119kszo\u015b\u0107 podkre\u015bla zmniejszenie liczby niedoskona\u0142o\u015bci po kilku tygodniach.<\/p>\n<p>Poni\u017cej znajdziesz zar\u00f3wno pozytywne, jak i krytyczne g\u0142osy na temat produktu.<\/p>\n<\/div>\n<div class=\"rev-top rv\">\n<div class=\"score\">\n<div class=\"big\">4.7<\/div>\n<div class=\"stars\" style=\"color:var(--gold)\">\u2605\u2605\u2605\u2605\u2605<\/div>\n<p><small>444 ocen<\/small><\/p><\/div>\n<div class=\"bars\" id=\"imd_exBars\">\n<div class=\"bar\"><span>5\u2605<\/span>\n<div class=\"tr\"><span class=\"fl\" style=\"--w:79%\"><\/span><\/div>\n<p><span>79%<\/span><\/p><\/div>\n<div class=\"bar\"><span>4\u2605<\/span>\n<div class=\"tr\"><span class=\"fl\" style=\"--w:15%\"><\/span><\/div>\n<p><span>15%<\/span><\/p><\/div>\n<div class=\"bar\"><span>3\u2605<\/span>\n<div class=\"tr\"><span class=\"fl\" style=\"--w:4%\"><\/span><\/div>\n<p><span>4%<\/span><\/p><\/div>\n<div class=\"bar\"><span>2\u2605<\/span>\n<div class=\"tr\"><span class=\"fl\" style=\"--w:1%\"><\/span><\/div>\n<p><span>1%<\/span><\/p><\/div>\n<div class=\"bar\"><span>1\u2605<\/span>\n<div class=\"tr\"><span class=\"fl\" style=\"--w:1%\"><\/span><\/div>\n<p><span>1%<\/span><\/p><\/div>\n<\/div>\n<\/div>\n<div class=\"prose rv\" style=\"max-width:820px;margin:20px auto 0\">\n<p>U\u017cytkownicy zwracaj\u0105 uwag\u0119 na skuteczno\u015b\u0107 w redukcji wyprysk\u00f3w i zask\u00f3rnik\u00f3w przy cerze t\u0142ustej. Wielu zauwa\u017ca popraw\u0119 pewno\u015bci siebie po regularnej kuracji trwaj\u0105cej kilka miesi\u0119cy.<\/p>\n<p>Niekt\u00f3rzy podkre\u015blaj\u0105 naturalny sk\u0142ad i \u0142atwo\u015b\u0107 stosowania jednej tabletki dziennie. Cz\u0119\u015b\u0107 os\u00f3b potrzebowa\u0142a wi\u0119cej czasu, by zobaczy\u0107 pierwsze zmiany.<\/p>\n<\/div>\n<div class=\"pc rv\">\n<div class=\"pcb plus\">\n<h4>\u2714 Zalety<\/h4>\n<ul>\n<li>Zmniejszenie sebum<\/li>\n<li>Mniej zmian sk\u00f3rnych<\/li>\n<li>Naturalny sk\u0142ad<\/li>\n<li>Proste dawkowanie<\/li>\n<\/ul>\n<\/div>\n<div class=\"pcb minus\">\n<h4>\u2715 Wady<\/h4>\n<ul>\n<li>Efekty wymagaj\u0105 czasu<\/li>\n<li>Nie dla wszystkich typ\u00f3w cery<\/li>\n<\/ul>\n<\/div><\/div>\n<div class=\"testi rv\">\n<div class=\"t doc\">\n<div class=\"hd2\">\n<div class=\"av\">AK<\/div>\n<div>\n<div class=\"who\">Anna K.<\/div>\n<div class=\"ro\">28 lat<\/div>\n<\/div>\n<\/div>\n<p><span class=\"st\">\u2605\u2605\u2605\u2605\u2605<\/span><\/p>\n<p>Po trzech miesi\u0105cach sk\u00f3ra jest wyra\u017anie mniej t\u0142usta i mniej zmian.<\/p>\n<p><span class=\"vf\">\u2714 Zweryfikowany zakup<\/span><\/p><\/div>\n<div class=\"t\">\n<div class=\"hd2\">\n<div class=\"av\">MW<\/div>\n<div>\n<div class=\"who\">Marcin W.<\/div>\n<div class=\"ro\">34 lata<\/div>\n<\/div>\n<\/div>\n<p><span class=\"st\">\u2605\u2605\u2605\u2605\u2606<\/span><\/p>\n<p>Dobre wsparcie przy cerze mieszanej, polecam systematyczno\u015b\u0107.<\/p>\n<p><span class=\"vf\">\u2714 Zweryfikowany zakup<\/span><\/p><\/div>\n<div class=\"t\">\n<div class=\"hd2\">\n<div class=\"av\">EL<\/div>\n<div>\n<div class=\"who\">Ewa L.<\/div>\n<div class=\"ro\">41 lat<\/div>\n<\/div>\n<\/div>\n<p><span class=\"st\">\u2605\u2605\u2605\u2605\u2605<\/span><\/p>\n<p>Sk\u00f3ra wygl\u0105da lepiej, mniej zask\u00f3rnik\u00f3w po kuracji.<\/p>\n<p><span class=\"vf\">\u2714 Zweryfikowany zakup<\/span><\/p><\/div>\n<\/div>\n<p class=\"sec-outro rv\">Opinie potwierdzaj\u0105, \u017ce Derminax pomaga wielu osobom z cer\u0105 t\u0142ust\u0105. Wyniki zale\u017c\u0105 od regularno\u015bci i indywidualnych cech sk\u00f3ry.<\/p>\n<\/div>\n<\/section>\n<section class=\"band\" id=\"cena\">\n<div class=\"wrap\">\n<div class=\"h2c rv\"><span class=\"kick\">Promocja \u221250%<\/span>\n<h2>Cena Derminax i zakup tabletek<\/h2>\n<p>Aktualna oferta na oficjalnej stronie producenta.<\/p>\n<\/div>\n<div class=\"sec-lead rv\">\n<p>Derminax dost\u0119pny jest w promocyjnej cenie 89 z\u0142 za opakowanie 60 tabletek. Regularna cena wynosi 179 z\u0142.<\/p>\n<p>W tej sekcji znajdziesz szczeg\u00f3\u0142y oferty i warunki zakupu.<\/p>\n<\/div>\n<div class=\"cd rv\" id=\"cena-cd\"><small>Oferta ko\u0144czy si\u0119 za<\/small>\n<div class=\"clock\"><span class=\"u\" id=\"imd_cdH\">23<\/span><span class=\"u\" id=\"imd_cdM\">59<\/span><span class=\"u\" id=\"imd_cdS\">59<\/span><\/div>\n<\/div>\n<div class=\"lead-wrap rv\">\n<div class=\"lead-offer\">\n<span class=\"lo-badge\">Promocja \u221250%<\/span>\n<div class=\"lo-price\"><b>89 z\u0142<\/b><s>179 z\u0142<\/s><\/div>\n<div class=\"lo-desc\">Derminax 60 tabletek \u2013 na 2 miesi\u0105ce stosowania<\/div>\n<ul class=\"lo-list\">\n<li>\u2714 60 tabletek w opakowaniu<\/li>\n<li>\u2714 Cena promocyjna 89 z\u0142<\/li>\n<li>\u2714 Szybka wysy\u0142ka<\/li>\n<li>\u2714 Gwarancja i obs\u0142uga producenta<\/li>\n<\/ul><\/div>\n<div class=\"uap-ext-cta\" style=\"border:2px solid #10b981;border-radius:16px;padding:22px 20px;text-align:center;background:#0f221a;margin:14px 0\">\n<p style=\"margin:0 0 6px;font-weight:800;font-size:18px;color:#eafff6\">Zam\u00f3wienie u producenta<\/p>\n<p style=\"margin:0 0 14px;font-size:14px;color:#8fb3a4;line-height:1.5\">Ten produkt kupisz bezpo\u015brednio na oficjalnej stronie producenta \u2014 z gwarancj\u0105 oryginalno\u015bci i aktualn\u0105 promocj\u0105.<\/p>\n<p><a href=\"https:\/\/www.imed.pl\/sklep\/go\/derminax\/\" rel=\"nofollow sponsored noopener\" style=\"display:inline-block;background:#10b981;color:#fff;border-radius:999px;padding:14px 28px;font-weight:800;text-decoration:none;font-size:16px\" target=\"_blank\">Kup po najni\u017cszej cenie \u2192<\/a><\/p><\/div>\n<\/div>\n<p class=\"sec-outro rv\">Za realizacj\u0119 zam\u00f3wienia odpowiada bezpo\u015brednio producent, co gwarantuje bezpieczny i wygodny zakup. Warto sprawdzi\u0107 aktualne promocje.<\/p>\n<\/div>\n<\/section>\n<section class=\"band\" id=\"bezpieczenstwo\" style=\"background:var(--bg2)\">\n<div class=\"wrap\">\n<div class=\"h2c rv\"><span class=\"kick\">Bezpiecze\u0144stwo<\/span>\n<h2>Bezpiecze\u0144stwo stosowania Derminax \u2013 na co zwr\u00f3ci\u0107 uwag\u0119 przed rozpocz\u0119ciem kuracji<\/h2>\n<p>Przeciwwskazania i zalecenia producenta.<\/p>\n<\/div>\n<div class=\"sec-lead rv\">\n<p>Bezpiecze\u0144stwo suplementu zale\u017cy od przestrzegania zalece\u0144 i wykluczenia przeciwwskaza\u0144. Derminax nie jest lekiem.<\/p>\n<p>W tej cz\u0119\u015bci znajdziesz najwa\u017cniejsze informacje dotycz\u0105ce stosowania.<\/p>\n<\/div>\n<div class=\"prose rv\" style=\"max-width:820px;margin:0 auto 6px\">\n<p>Produkt nie powinien by\u0107 stosowany przez osoby uczulone na sk\u0142adniki, kobiety w ci\u0105\u017cy i karmi\u0105ce piersi\u0105 oraz dzieci poni\u017cej 18 lat bez konsultacji z lekarzem. Osoby z chorobami autoimmunologicznymi powinny zachowa\u0107 ostro\u017cno\u015b\u0107.<\/p>\n<\/div>\n<ul class=\"safety rv\">\n<li><span class=\"lb\">Alergia<\/span><span>Nie stosowa\u0107 przy uczuleniu na kt\u00f3rykolwiek sk\u0142adnik.<\/span><\/li>\n<li><span class=\"lb\">Ci\u0105\u017ca<\/span><span>Nie zaleca si\u0119 stosowania u kobiet w ci\u0105\u017cy.<\/span><\/li>\n<li><span class=\"lb\">Wiek<\/span><span>Przeznaczony wy\u0142\u0105cznie dla os\u00f3b doros\u0142ych.<\/span><\/li>\n<li><span class=\"lb\">Interakcje<\/span><span>Niekt\u00f3re sk\u0142adniki mog\u0105 wchodzi\u0107 w interakcje z lekami.<\/span><\/li>\n<\/ul>\n<p class=\"sec-outro rv\">Zawsze czytaj ulotk\u0119 przed rozpocz\u0119ciem kuracji. W razie w\u0105tpliwo\u015bci skonsultuj si\u0119 z lekarzem lub farmaceut\u0105.<\/p>\n<\/div>\n<\/section>\n<section class=\"band\" id=\"sklad\">\n<div class=\"wrap\">\n<div class=\"h2c rv\"><span class=\"kick\">Receptura<\/span>\n<h2>Sk\u0142ad Derminax w tabletkach \u2013 jakie substancje odpowiadaj\u0105 za dzia\u0142anie preparatu<\/h2>\n<p>Pe\u0142na lista substancji aktywnych i pomocniczych wed\u0142ug etykiety.<\/p>\n<\/div>\n<div class=\"sec-lead rv\">\n<p>Sk\u0142ad tabletki Derminax opiera si\u0119 wy\u0142\u0105cznie na substancjach podanych przez producenta. Ka\u017cdy sk\u0142adnik pe\u0142ni okre\u015blon\u0105 rol\u0119 we wsparciu kondycji sk\u00f3ry.<\/p>\n<p>Poni\u017cej znajdziesz szczeg\u00f3\u0142owy opis ka\u017cdego elementu formu\u0142y wraz z jego znaczeniem dla cery t\u0142ustej.<\/p>\n<\/div>\n<div class=\"ings\">\n<div class=\"flip rv\" tabindex=\"0\">\n<div class=\"flipin\">\n<div class=\"face\">\n<div class=\"ic\">\ud83c\udf3f<\/div>\n<h3>Ekstrakt ze skrzypu<\/h3>\n<div class=\"role\">g\u0142\u00f3wny<\/div>\n<p><span class=\"hintflip\">\u21ba najed\u017a po wi\u0119cej<\/span><\/p><\/div>\n<div class=\"face back\">\n<div class=\"miniring\"><svg class=\"ring\" height=\"78\" width=\"78\"><circle class=\"bgc\" cx=\"39\" cy=\"39\" r=\"32\" stroke-width=\"7\"><\/circle><circle class=\"fgc\" cx=\"39\" cy=\"39\" data-ring=\"92\" r=\"32\" stroke-width=\"7\"><\/circle><\/svg><b>92%<\/b><\/div>\n<p>Kwas krzemowy z skrzypu jest tradycyjnie wykorzystywany do wzmacniania tkanek \u0142\u0105cznych i poprawy wygl\u0105du sk\u00f3ry od wewn\u0105trz.<\/p>\n<\/div>\n<\/div>\n<\/div>\n<div class=\"flip rv\" tabindex=\"0\">\n<div class=\"flipin\">\n<div class=\"face\">\n<div class=\"ic\">\ud83c\udf43<\/div>\n<h3>Ekstrakt z pokrzywy<\/h3>\n<div class=\"role\">g\u0142\u00f3wny<\/div>\n<p><span class=\"hintflip\">\u21ba najed\u017a po wi\u0119cej<\/span><\/p><\/div>\n<div class=\"face back\">\n<div class=\"miniring\"><svg class=\"ring\" height=\"78\" width=\"78\"><circle class=\"bgc\" cx=\"39\" cy=\"39\" r=\"32\" stroke-width=\"7\"><\/circle><circle class=\"fgc\" cx=\"39\" cy=\"39\" data-ring=\"88\" r=\"32\" stroke-width=\"7\"><\/circle><\/svg><b>88%<\/b><\/div>\n<p>Pokrzywa pomaga w naturalnej regulacji proces\u00f3w sk\u00f3rnych i wspiera redukcj\u0119 nadmiernego sebum.<\/p>\n<\/div>\n<\/div>\n<\/div>\n<div class=\"flip rv\" tabindex=\"0\">\n<div class=\"flipin\">\n<div class=\"face\">\n<div class=\"ic\">\ud83d\udca7<\/div>\n<h3>Hydrolizat kolagenu<\/h3>\n<div class=\"role\">wspomagaj\u0105cy<\/div>\n<p><span class=\"hintflip\">\u21ba najed\u017a po wi\u0119cej<\/span><\/p><\/div>\n<div class=\"face back\">\n<div class=\"miniring\"><svg class=\"ring\" height=\"78\" width=\"78\"><circle class=\"bgc\" cx=\"39\" cy=\"39\" r=\"32\" stroke-width=\"7\"><\/circle><circle class=\"fgc\" cx=\"39\" cy=\"39\" data-ring=\"85\" r=\"32\" stroke-width=\"7\"><\/circle><\/svg><b>85%<\/b><\/div>\n<p>Bia\u0142ka kolagenowe dostarczaj\u0105 budulca potrzebnego do utrzymania prawid\u0142owej kondycji nask\u00f3rka.<\/p>\n<\/div>\n<\/div>\n<\/div>\n<div class=\"flip rv\" tabindex=\"0\">\n<div class=\"flipin\">\n<div class=\"face\">\n<div class=\"ic\">\ud83d\udd2c<\/div>\n<h3>L-cystyna<\/h3>\n<div class=\"role\">wspomagaj\u0105cy<\/div>\n<p><span class=\"hintflip\">\u21ba najed\u017a po wi\u0119cej<\/span><\/p><\/div>\n<div class=\"face back\">\n<div class=\"miniring\"><svg class=\"ring\" height=\"78\" width=\"78\"><circle class=\"bgc\" cx=\"39\" cy=\"39\" r=\"32\" stroke-width=\"7\"><\/circle><circle class=\"fgc\" cx=\"39\" cy=\"39\" data-ring=\"79\" r=\"32\" stroke-width=\"7\"><\/circle><\/svg><b>79%<\/b><\/div>\n<p>Aminokwas bierze udzia\u0142 w syntezie keratyny i wspiera regeneracj\u0119 tkanek sk\u00f3rnych.<\/p>\n<\/div>\n<\/div>\n<\/div>\n<div class=\"flip rv\" tabindex=\"0\">\n<div class=\"flipin\">\n<div class=\"face\">\n<div class=\"ic\">\u2699\ufe0f<\/div>\n<h3>Cynk<\/h3>\n<div class=\"role\">kluczowy<\/div>\n<p><span class=\"hintflip\">\u21ba najed\u017a po wi\u0119cej<\/span><\/p><\/div>\n<div class=\"face back\">\n<div class=\"miniring\"><svg class=\"ring\" height=\"78\" width=\"78\"><circle class=\"bgc\" cx=\"39\" cy=\"39\" r=\"32\" stroke-width=\"7\"><\/circle><circle class=\"fgc\" cx=\"39\" cy=\"39\" data-ring=\"94\" r=\"32\" stroke-width=\"7\"><\/circle><\/svg><b>94%<\/b><\/div>\n<p>Cynk jest niezb\u0119dny w procesach regeneracji sk\u00f3ry i regulacji aktywno\u015bci gruczo\u0142\u00f3w \u0142ojowych.<\/p>\n<\/div>\n<\/div>\n<\/div>\n<div class=\"flip rv\" tabindex=\"0\">\n<div class=\"flipin\">\n<div class=\"face\">\n<div class=\"ic\">\ud83c\udf4a<\/div>\n<h3>Witamina C<\/h3>\n<div class=\"role\">wspomagaj\u0105cy<\/div>\n<p><span class=\"hintflip\">\u21ba najed\u017a po wi\u0119cej<\/span><\/p><\/div>\n<div class=\"face back\">\n<div class=\"miniring\"><svg class=\"ring\" height=\"78\" width=\"78\"><circle class=\"bgc\" cx=\"39\" cy=\"39\" r=\"32\" stroke-width=\"7\"><\/circle><circle class=\"fgc\" cx=\"39\" cy=\"39\" data-ring=\"81\" r=\"32\" stroke-width=\"7\"><\/circle><\/svg><b>81%<\/b><\/div>\n<p>Witamina C chroni przed stresem oksydacyjnym i wspiera naturaln\u0105 odporno\u015b\u0107 sk\u00f3ry.<\/p>\n<\/div>\n<\/div>\n<\/div><\/div>\n<div class=\"prose rv\" style=\"max-width:820px;margin:26px auto 0\">\n<p>Formu\u0142a zawiera \u017celatyn\u0119 wo\u0142ow\u0105, celuloz\u0119 mikrokrystaliczn\u0105, ekstrakt ze skrzypu polnego standaryzowany na 19% kwasu krzemowego, ekstrakt z pokrzywy zwyczajnej standaryzowany na 1% kwasu krzemowego, hydrolizat bia\u0142ek kolagenowych, L-cystyn\u0119, witamin\u0119 E, witamin\u0119 C, cynk, niacyn\u0119, dwutlenek krzemu, sole magnezowe kwas\u00f3w t\u0142uszczowych, kwas pantotenowy, mied\u017a, witamin\u0119 B6, ryboflawin\u0119, tiamin\u0119, witamin\u0119 B12, kwas foliowy oraz biotyn\u0119. Substancje pomocnicze to \u017celatyna wo\u0142owa, celuloza mikrokrystaliczna, dwutlenek krzemu i sole magnezowe kwas\u00f3w t\u0142uszczowych.<\/p>\n<\/div>\n<p class=\"sec-outro rv\">Najwa\u017cniejsze sk\u0142adniki to standaryzowane wyci\u0105gi ro\u015blinne oraz cynk. To one decyduj\u0105 o charakterze dzia\u0142ania Derminax na cer\u0119.<\/p>\n<\/div>\n<\/section>\n<section class=\"band\" id=\"zycie\">\n<div class=\"wrap\">\n<div class=\"h2c rv\"><span class=\"kick\">Ciekawostka<\/span>\n<h2>Derminax w pierwszej dobie \u2013 co dzieje si\u0119 w organizmie<\/h2>\n<\/div>\n<div class=\"sec-lead rv\">\n<p>Tabletka po po\u0142kni\u0119ciu rozpoczyna proces uwalniania sk\u0142adnik\u00f3w w przewodzie pokarmowym. Substancje aktywne wch\u0142aniaj\u0105 si\u0119 stopniowo.<\/p>\n<p>W tej cz\u0119\u015bci opisujemy, jak formu\u0142a zaczyna wspiera\u0107 sk\u00f3r\u0119 ju\u017c w pierwszych godzinach po przyj\u0119ciu.<\/p>\n<\/div>\n<div class=\"rv\" style=\"max-width:820px;margin:10px auto 0;background:var(--panel);border:1px solid var(--line);border-left:4px solid var(--gold);border-radius:16px;padding:22px 26px\">\n<p>Po za\u017cyciu tabletki \u017celatyna i celuloza pomagaj\u0105 w kontrolowanym uwalnianiu ekstrakt\u00f3w ro\u015blinnych. Wyci\u0105gi z pokrzywy i skrzypu trafiaj\u0105 do krwiobiegu, gdzie mog\u0105 wspiera\u0107 naturalne procesy oczyszczania i regulacji sebum.<\/p>\n<p>Cynk i witaminy z grupy B uczestnicz\u0105 w metabolizmie kom\u00f3rkowym sk\u00f3ry, a L-cystyna i kolagen dostarczaj\u0105 budulca potrzebnego do regeneracji. Proces ten jest stopniowy i wymaga czasu, by przynie\u015b\u0107 widoczne efekty.<\/p>\n<\/div>\n<p class=\"sec-outro rv\">Derminax dzia\u0142a od wewn\u0105trz od pierwszej tabletki. Kluczowa jest jednak regularno\u015b\u0107 przez wiele tygodni.<\/p>\n<\/div>\n<\/section>\n<section class=\"band\" id=\"faq\" style=\"background:var(--bg2)\">\n<div class=\"wrap\">\n<div class=\"h2c rv\"><span class=\"kick\">FAQ<\/span>\n<h2>Pytania najcz\u0119\u015bciej zadawane o Derminax<\/h2>\n<\/div>\n<div class=\"sec-lead rv\">\n<p>Poni\u017cej znajdziesz odpowiedzi na pytania, kt\u00f3re najcz\u0119\u015bciej zadaj\u0105 osoby rozwa\u017caj\u0105ce zakup tabletek.<\/p>\n<p>Odpowiedzi opieraj\u0105 si\u0119 na informacjach od producenta i specyfice produktu.<\/p>\n<\/div>\n<div class=\"faq rv\">\n<details open=\"\">\n<summary>Czy Derminax mo\u017cna stosowa\u0107 z innymi preparatami na sk\u00f3r\u0119?<span class=\"pl\">+<\/span><\/summary>\n<div class=\"a\">Zaleca si\u0119 ostro\u017cno\u015b\u0107 przy jednoczesnym stosowaniu z preparatami zawieraj\u0105cymi cynk i mied\u017a.<\/div>\n<\/details>\n<details>\n<summary>Jak oceni\u0107 pierwsze efekty po kilku tygodniach?<span class=\"pl\">+<\/span><\/summary>\n<div class=\"a\">Warto prowadzi\u0107 dziennik obserwacji cery, by nie ocenia\u0107 pochopnie po pierwszych dniach.<\/div>\n<\/details>\n<details>\n<summary>Czy d\u0142ugie siedzenie przy biurku wp\u0142ywa na dzia\u0142anie?<span class=\"pl\">+<\/span><\/summary>\n<div class=\"a\">Styl \u017cycia nie zmienia mechanizmu, ale regularno\u015b\u0107 przyjmowania ma znaczenie.<\/div>\n<\/details>\n<details>\n<summary>Co \u0142atwo przeoczy\u0107 na etykiecie?<span class=\"pl\">+<\/span><\/summary>\n<div class=\"a\">Standaryzacj\u0119 ekstrakt\u00f3w na konkretny procent kwasu krzemowego.<\/div>\n<\/details>\n<details>\n<summary>Kupuj\u0105c na stronie producenta unikasz podr\u00f3bek i korzystasz z aktualnych promocji pakietowych.<\/summary>\n<div class=\"a\">Tak, oficjalna strona oferuje t\u0119 opcj\u0119 dla wygody klient\u00f3w.<\/div>\n<\/details>\n<\/div>\n<p class=\"sec-outro rv\">FAQ pomaga rozwia\u0107 w\u0105tpliwo\u015bci przed zakupem. Ca\u0142y proces zakupu odbywa si\u0119 w oficjalnym sklepie producenta \u2014 z bezpieczn\u0105 p\u0142atno\u015bci\u0105 online i numerem do \u015bledzenia przesy\u0142ki.<\/p>\n<\/div>\n<\/section>\n<div class=\"wrap\">\n<div class=\"final rv\">\n<span class=\"kick\">Zacznij dzi\u015b<\/span>\n<h2>Zam\u00f3w <span class=\"grad\">Derminax<\/span><\/h2>\n<p>Sprzeda\u017c\u0105 i wysy\u0142k\u0105 zajmuje si\u0119 oficjalny sklep producenta, wi\u0119c zakup obejmuje gwarancj\u0119 zwrotu i obs\u0142ug\u0119 posprzeda\u017cow\u0105.<\/p>\n<p> <button class=\"big-cta\" data-go=\"cena-cd\" style=\"margin-top:18px\">Zam\u00f3w Derminax <svg fill=\"none\" height=\"18\" stroke=\"currentColor\" stroke-width=\"2.4\" viewbox=\"0 0 24 24\" width=\"18\"><path d=\"M5 12h14M13 6l6 6-6 6\"><\/path><\/svg><\/button>\n<\/p><\/div>\n<\/div>\n<footer>\n<div class=\"wrap\">\n<div class=\"fg\">\n<div>\n<div class=\"logo\" style=\"font-size:22px\">DERMINAX<b><\/b><\/div>\n<p style=\"color:var(--muted);font-size:13.5px;margin-top:10px;max-width:34ch\">Naturalne wsparcie i sprawdzone sk\u0142adniki. Dyskretna wysy\u0142ka i realne opinie.<\/p>\n<\/div>\n<div>\n<h4>Produkt<\/h4>\n<ul>\n<li><a data-go=\"dzialanie\">Jak dzia\u0142a<\/a><\/li>\n<li><a data-go=\"sklad\">Sk\u0142ad<\/a><\/li>\n<li><a data-go=\"cena\">Cena<\/a><\/li>\n<li><a data-go=\"opinie\">Opinie<\/a><\/li>\n<\/ul>\n<\/div>\n<div>\n<h4>Informacje<\/h4>\n<ul>\n<li><a href=\"\/sklep\/regulamin\/\">Regulamin<\/a><\/li>\n<li><a href=\"\/sklep\/polityka-prywatnosci\/\">Polityka prywatno\u015bci<\/a><\/li>\n<li><a href=\"\/sklep\/zwroty-i-reklamacje\/\">Zwroty i reklamacje<\/a><\/li>\n<li><a href=\"\/sklep\/kontakt\/\">Kontakt<\/a><\/li>\n<\/ul>\n<\/div><\/div>\n<p class=\"disc\">Derminax jest suplementem diety i nie mo\u017ce by\u0107 stosowany jako substytut zr\u00f3\u017cnicowanej diety. Zr\u00f3wnowa\u017cony spos\u00f3b \u017cywienia i zdrowy tryb \u017cycia s\u0105 podstaw\u0105 prawid\u0142owego funkcjonowania organizmu. Prezentacja mechanizmu dzia\u0142ania ma charakter pogl\u0105dowy. Opinie s\u0105 subiektywnymi odczuciami u\u017cytkownik\u00f3w i nie stanowi\u0105 porady medycznej. *Dane ankietowe u\u017cytkownik\u00f3w, nie badanie kliniczne; efekty zale\u017c\u0105 od diety i aktywno\u015bci. \u00a9 2026 Derminax.<\/p>\n<\/div>\n<\/footer>\n<div class=\"toast\" id=\"imd_exToast\"><span class=\"k\">\u2713<\/span> Gotowe!<\/div>\n<p> <svg height=\"0\" style=\"position:absolute\" width=\"0\"><defs><lineargradient id=\"imd_exRing\" x1=\"0\" x2=\"1\" y1=\"0\" y2=\"1\"><stop offset=\"0\" stop-color=\"#10b981\"><\/stop><stop offset=\"1\" stop-color=\"#0ea5e9\"><\/stop><\/lineargradient><\/defs><\/svg>\n<\/p><\/div>\n<p><\/p>\n","protected":false},"excerpt":{"rendered":"<p>\ud83d\ude9a Bezp\u0142atna dostawa\u2726\ud83c\udf3f Naturalna formu\u0142a\u2726\ud83d\udce6 Dyskretna przesy\u0142ka\u2726\u26a1 \u221250% dzi\u015b\u2726 \ud83d\ude9a Bezp\u0142atna dostawa\u2726\ud83c\udf3f Naturalna formu\u0142a\u2726\ud83d\udce6 Dyskretna przesy\u0142ka\u2726\u26a1 \u221250% dzi\u015b\u2726 DERMINAX Jak dzia\u0142aSk\u0142adStosowanieOpinieCenaFAQ Zam\u00f3w \u221250% Mniej sebum \u00b7 Czystsza cera \u00b7 Regeneracja Derminax pomaga odzyska\u0107 czyst\u0105 cer\u0119 Tabletki dzia\u0142aj\u0105 od wewn\u0105trz, wspieraj\u0105c naturaln\u0105 regulacj\u0119 wydzielania sebum i popraw\u0119 wygl\u0105du sk\u00f3ry. Regularne stosowanie daje widoczne efekty przy cerze &#8230; <a title=\"Derminax\" class=\"read-more\" href=\"https:\/\/www.imed.pl\/sklep\/produkt\/derminax\/\" aria-label=\"Dowiedz si\u0119 wi\u0119cej o Derminax\">Dowiedz si\u0119 wi\u0119cej<\/a><\/p>\n","protected":false},"featured_media":451,"comment_status":"open","ping_status":"closed","template":"","meta":[],"product_brand":[],"product_cat":[17],"product_tag":[],"class_list":["post-367","product","type-product","status-publish","has-post-thumbnail","product_cat-uroda","first","instock","sale","shipping-taxable","product-type-external"],"yoast_head":"<!-- This site is optimized with the Yoast SEO plugin v28.0 - https:\/\/yoast.com\/product\/yoast-seo-wordpress\/ -->\n<title>Derminax na cer\u0119 t\u0142ust\u0105 \u2013 tabletki, opinie i sk\u0142ad<\/title>\n<meta name=\"description\" content=\"Derminax to suplement w tabletkach dla os\u00f3b z cer\u0105 t\u0142ust\u0105 i sk\u0142onn\u0105 do zmian. Wspiera regulacj\u0119 sebum od wewn\u0105trz. Sprawd\u017a sk\u0142ad, opinie i cen\u0119.\" \/>\n<meta name=\"robots\" content=\"index, follow, max-snippet:-1, max-image-preview:large, max-video-preview:-1\" \/>\n<link rel=\"canonical\" href=\"https:\/\/www.imed.pl\/sklep\/produkt\/derminax\/\" \/>\n<meta property=\"og:locale\" content=\"pl_PL\" \/>\n<meta property=\"og:type\" content=\"article\" \/>\n<meta property=\"og:title\" content=\"Derminax na cer\u0119 t\u0142ust\u0105 \u2013 tabletki, opinie i sk\u0142ad\" \/>\n<meta property=\"og:description\" content=\"Derminax to suplement w tabletkach dla os\u00f3b z cer\u0105 t\u0142ust\u0105 i sk\u0142onn\u0105 do zmian. Wspiera regulacj\u0119 sebum od wewn\u0105trz. Sprawd\u017a sk\u0142ad, opinie i cen\u0119.\" \/>\n<meta property=\"og:url\" content=\"https:\/\/www.imed.pl\/sklep\/produkt\/derminax\/\" \/>\n<meta property=\"og:site_name\" content=\"Imed.pl - Suplementy Diety\" \/>\n<meta property=\"article:modified_time\" content=\"2026-08-29T17:23:42+00:00\" \/>\n<meta property=\"og:image\" content=\"https:\/\/www.imed.pl\/sklep\/wp-content\/uploads\/2026\/08\/derminax.jpg\" \/>\n\t<meta property=\"og:image:width\" content=\"1024\" \/>\n\t<meta property=\"og:image:height\" content=\"1024\" \/>\n\t<meta property=\"og:image:type\" content=\"image\/jpeg\" \/>\n<meta name=\"twitter:card\" content=\"summary_large_image\" \/>\n<meta name=\"twitter:label1\" content=\"Szacowany czas czytania\" \/>\n\t<meta name=\"twitter:data1\" content=\"13 minut\" \/>\n<script type=\"application\/ld+json\" class=\"yoast-schema-graph\">{\"@context\":\"https:\\\/\\\/schema.org\",\"@graph\":[{\"@type\":\"WebPage\",\"@id\":\"https:\\\/\\\/www.imed.pl\\\/sklep\\\/produkt\\\/derminax\\\/\",\"url\":\"https:\\\/\\\/www.imed.pl\\\/sklep\\\/produkt\\\/derminax\\\/\",\"name\":\"Derminax na cer\u0119 t\u0142ust\u0105 \u2013 tabletki, opinie i sk\u0142ad\",\"isPartOf\":{\"@id\":\"https:\\\/\\\/www.imed.pl\\\/sklep\\\/#website\"},\"primaryImageOfPage\":{\"@id\":\"https:\\\/\\\/www.imed.pl\\\/sklep\\\/produkt\\\/derminax\\\/#primaryimage\"},\"image\":{\"@id\":\"https:\\\/\\\/www.imed.pl\\\/sklep\\\/produkt\\\/derminax\\\/#primaryimage\"},\"thumbnailUrl\":\"https:\\\/\\\/www.imed.pl\\\/sklep\\\/wp-content\\\/uploads\\\/2026\\\/08\\\/derminax.jpg\",\"datePublished\":\"2026-08-23T14:20:17+00:00\",\"dateModified\":\"2026-08-29T17:23:42+00:00\",\"description\":\"Derminax to suplement w tabletkach dla os\u00f3b z cer\u0105 t\u0142ust\u0105 i sk\u0142onn\u0105 do zmian. Wspiera regulacj\u0119 sebum od wewn\u0105trz. Sprawd\u017a sk\u0142ad, opinie i cen\u0119.\",\"breadcrumb\":{\"@id\":\"https:\\\/\\\/www.imed.pl\\\/sklep\\\/produkt\\\/derminax\\\/#breadcrumb\"},\"inLanguage\":\"pl-PL\",\"potentialAction\":[{\"@type\":\"ReadAction\",\"target\":[\"https:\\\/\\\/www.imed.pl\\\/sklep\\\/produkt\\\/derminax\\\/\"]}]},{\"@type\":\"ImageObject\",\"inLanguage\":\"pl-PL\",\"@id\":\"https:\\\/\\\/www.imed.pl\\\/sklep\\\/produkt\\\/derminax\\\/#primaryimage\",\"url\":\"https:\\\/\\\/www.imed.pl\\\/sklep\\\/wp-content\\\/uploads\\\/2026\\\/08\\\/derminax.jpg\",\"contentUrl\":\"https:\\\/\\\/www.imed.pl\\\/sklep\\\/wp-content\\\/uploads\\\/2026\\\/08\\\/derminax.jpg\",\"width\":1024,\"height\":1024,\"caption\":\"Derminax\"},{\"@type\":\"BreadcrumbList\",\"@id\":\"https:\\\/\\\/www.imed.pl\\\/sklep\\\/produkt\\\/derminax\\\/#breadcrumb\",\"itemListElement\":[{\"@type\":\"ListItem\",\"position\":1,\"name\":\"Strona g\u0142\u00f3wna\",\"item\":\"https:\\\/\\\/www.imed.pl\\\/sklep\\\/\"},{\"@type\":\"ListItem\",\"position\":2,\"name\":\"Sklep\",\"item\":\"https:\\\/\\\/www.imed.pl\\\/sklep\\\/\"},{\"@type\":\"ListItem\",\"position\":3,\"name\":\"Derminax\"}]},{\"@type\":\"WebSite\",\"@id\":\"https:\\\/\\\/www.imed.pl\\\/sklep\\\/#website\",\"url\":\"https:\\\/\\\/www.imed.pl\\\/sklep\\\/\",\"name\":\"Imed.pl - Suplementy Diety\",\"description\":\"\",\"potentialAction\":[{\"@type\":\"SearchAction\",\"target\":{\"@type\":\"EntryPoint\",\"urlTemplate\":\"https:\\\/\\\/www.imed.pl\\\/sklep\\\/?s={search_term_string}\"},\"query-input\":{\"@type\":\"PropertyValueSpecification\",\"valueRequired\":true,\"valueName\":\"search_term_string\"}}],\"inLanguage\":\"pl-PL\"}]}<\/script>\n<!-- \/ Yoast SEO plugin. -->","yoast_head_json":{"title":"Derminax na cer\u0119 t\u0142ust\u0105 \u2013 tabletki, opinie i sk\u0142ad","description":"Derminax to suplement w tabletkach dla os\u00f3b z cer\u0105 t\u0142ust\u0105 i sk\u0142onn\u0105 do zmian. Wspiera regulacj\u0119 sebum od wewn\u0105trz. Sprawd\u017a sk\u0142ad, opinie i cen\u0119.","robots":{"index":"index","follow":"follow","max-snippet":"max-snippet:-1","max-image-preview":"max-image-preview:large","max-video-preview":"max-video-preview:-1"},"canonical":"https:\/\/www.imed.pl\/sklep\/produkt\/derminax\/","og_locale":"pl_PL","og_type":"article","og_title":"Derminax na cer\u0119 t\u0142ust\u0105 \u2013 tabletki, opinie i sk\u0142ad","og_description":"Derminax to suplement w tabletkach dla os\u00f3b z cer\u0105 t\u0142ust\u0105 i sk\u0142onn\u0105 do zmian. Wspiera regulacj\u0119 sebum od wewn\u0105trz. Sprawd\u017a sk\u0142ad, opinie i cen\u0119.","og_url":"https:\/\/www.imed.pl\/sklep\/produkt\/derminax\/","og_site_name":"Imed.pl - Suplementy Diety","article_modified_time":"2026-08-29T17:23:42+00:00","og_image":[{"width":1024,"height":1024,"url":"https:\/\/www.imed.pl\/sklep\/wp-content\/uploads\/2026\/08\/derminax.jpg","type":"image\/jpeg"}],"twitter_card":"summary_large_image","twitter_misc":{"Szacowany czas czytania":"13 minut"},"schema":{"@context":"https:\/\/schema.org","@graph":[{"@type":"WebPage","@id":"https:\/\/www.imed.pl\/sklep\/produkt\/derminax\/","url":"https:\/\/www.imed.pl\/sklep\/produkt\/derminax\/","name":"Derminax na cer\u0119 t\u0142ust\u0105 \u2013 tabletki, opinie i sk\u0142ad","isPartOf":{"@id":"https:\/\/www.imed.pl\/sklep\/#website"},"primaryImageOfPage":{"@id":"https:\/\/www.imed.pl\/sklep\/produkt\/derminax\/#primaryimage"},"image":{"@id":"https:\/\/www.imed.pl\/sklep\/produkt\/derminax\/#primaryimage"},"thumbnailUrl":"https:\/\/www.imed.pl\/sklep\/wp-content\/uploads\/2026\/08\/derminax.jpg","datePublished":"2026-08-23T14:20:17+00:00","dateModified":"2026-08-29T17:23:42+00:00","description":"Derminax to suplement w tabletkach dla os\u00f3b z cer\u0105 t\u0142ust\u0105 i sk\u0142onn\u0105 do zmian. Wspiera regulacj\u0119 sebum od wewn\u0105trz. Sprawd\u017a sk\u0142ad, opinie i cen\u0119.","breadcrumb":{"@id":"https:\/\/www.imed.pl\/sklep\/produkt\/derminax\/#breadcrumb"},"inLanguage":"pl-PL","potentialAction":[{"@type":"ReadAction","target":["https:\/\/www.imed.pl\/sklep\/produkt\/derminax\/"]}]},{"@type":"ImageObject","inLanguage":"pl-PL","@id":"https:\/\/www.imed.pl\/sklep\/produkt\/derminax\/#primaryimage","url":"https:\/\/www.imed.pl\/sklep\/wp-content\/uploads\/2026\/08\/derminax.jpg","contentUrl":"https:\/\/www.imed.pl\/sklep\/wp-content\/uploads\/2026\/08\/derminax.jpg","width":1024,"height":1024,"caption":"Derminax"},{"@type":"BreadcrumbList","@id":"https:\/\/www.imed.pl\/sklep\/produkt\/derminax\/#breadcrumb","itemListElement":[{"@type":"ListItem","position":1,"name":"Strona g\u0142\u00f3wna","item":"https:\/\/www.imed.pl\/sklep\/"},{"@type":"ListItem","position":2,"name":"Sklep","item":"https:\/\/www.imed.pl\/sklep\/"},{"@type":"ListItem","position":3,"name":"Derminax"}]},{"@type":"WebSite","@id":"https:\/\/www.imed.pl\/sklep\/#website","url":"https:\/\/www.imed.pl\/sklep\/","name":"Imed.pl - Suplementy Diety","description":"","potentialAction":[{"@type":"SearchAction","target":{"@type":"EntryPoint","urlTemplate":"https:\/\/www.imed.pl\/sklep\/?s={search_term_string}"},"query-input":{"@type":"PropertyValueSpecification","valueRequired":true,"valueName":"search_term_string"}}],"inLanguage":"pl-PL"}]}},"_links":{"self":[{"href":"https:\/\/www.imed.pl\/sklep\/wp-json\/wp\/v2\/product\/367","targetHints":{"allow":["GET"]}}],"collection":[{"href":"https:\/\/www.imed.pl\/sklep\/wp-json\/wp\/v2\/product"}],"about":[{"href":"https:\/\/www.imed.pl\/sklep\/wp-json\/wp\/v2\/types\/product"}],"replies":[{"embeddable":true,"href":"https:\/\/www.imed.pl\/sklep\/wp-json\/wp\/v2\/comments?post=367"}],"wp:featuredmedia":[{"embeddable":true,"href":"https:\/\/www.imed.pl\/sklep\/wp-json\/wp\/v2\/media\/451"}],"wp:attachment":[{"href":"https:\/\/www.imed.pl\/sklep\/wp-json\/wp\/v2\/media?parent=367"}],"wp:term":[{"taxonomy":"product_brand","embeddable":true,"href":"https:\/\/www.imed.pl\/sklep\/wp-json\/wp\/v2\/product_brand?post=367"},{"taxonomy":"product_cat","embeddable":true,"href":"https:\/\/www.imed.pl\/sklep\/wp-json\/wp\/v2\/product_cat?post=367"},{"taxonomy":"product_tag","embeddable":true,"href":"https:\/\/www.imed.pl\/sklep\/wp-json\/wp\/v2\/product_tag?post=367"}],"curies":[{"name":"wp","href":"https:\/\/api.w.org\/{rel}","templated":true}]}}